{"id":4506,"date":"2026-09-02T22:43:27","date_gmt":"2026-09-02T21:43:27","guid":{"rendered":"https:\/\/kodlyoko.pl\/?page_id=4506"},"modified":"2026-09-02T22:53:17","modified_gmt":"2026-09-02T21:53:17","slug":"rocznica-i-czekanie-na-wiesci","status":"publish","type":"page","link":"https:\/\/kodlyoko.pl\/index.php\/artykuly\/redaktorskie\/felietony\/rocznica-i-czekanie-na-wiesci\/","title":{"rendered":"Rocznica i czekanie na wie\u015bci"},"content":{"rendered":"\n<p class=\"has-drop-cap wp-block-paragraph\">Tak si\u0119 z\u0142o\u017cy\u0142o, \u017ce 23 rocznica premiery pierwszego odcinka serialu przypada na okres jednego z wi\u0119kszych o\u017cywie\u0144 fandomu \u015bwiatowego od d\u0142u\u017cszego czasu. To za spraw\u0105 czerwcowego wywiadu, kt\u00f3rego udzielili Sophie Decroisette i Jerome Mouscadet. Powiedzia\u0142bym nawet, \u017ce nastroje teraz s\u0105 bardziej optymistyczne ni\u017c przy 20 rocznicy, gdy te\u017c troch\u0119 wisia\u0142o w powietrzu pewne oczekiwanie, \u017ce mo\u017ce co\u015b wtedy si\u0119 zdarzy. Obecn\u0105 atmosfer\u0119 nieco pot\u0119guje fakt, i\u017c w\u0142a\u015bnie na wrzesie\u0144 zapowiedziano og\u0142oszenie nowych informacji. Mo\u017ce nawet co\u015b si\u0119 stanie w dniu, w kt\u00f3rym b\u0119dziecie mogli czyta\u0107 ten tekst.<\/p>\n\n\n\n<p class=\"wp-block-paragraph\">Od 12 czerwca jeste\u015bmy jako fandom w nieco innej rzeczywisto\u015bci. Teraz troch\u0119 wejd\u0119 w syndrom genera\u0142a, kt\u00f3ry wie, jak wygra\u0107 poprzedni\u0105 wojn\u0119, ale teraz mog\u0119 z ca\u0142\u0105 pewno\u015bci\u0105 napisa\u0107, \u017ce by\u0142y znaki \u015bwiadcz\u0105ce o tym, i\u017c podczas radiowego wywiadu czego\u015b si\u0119 dowiemy. By\u0142a to pierwsza taka rozmowa od ponad dw\u00f3ch lat, od wywiadu na Twitchu. Przez ten czas tw\u00f3rcy praktycznie nie zabierali g\u0142osu. By\u0142a co prawda pr\u00f3ba robienia spotka\u0144 z cyklu \u201eLyoko Cafe\u201d, gdzie Decroisette mia\u0142a opowiada\u0107 o kulisach pracy nad animacjami, ale po jednym programie nic wi\u0119cej si\u0119 nie wydarzy\u0142o. Mo\u017ce uznano, \u017ce i tak by si\u0119 za ka\u017cdym razem pojawia\u0142y pytania o now\u0105 seri\u0119, wi\u0119c oszcz\u0119dzono jej ci\u0105g\u0142ego odpowiadania na to samo.<\/p>\n\n\n\n<p class=\"wp-block-paragraph\">W samej zapowiedzi czerwcowego wywiadu by\u0142a mowa o tym, \u017ce mog\u0105 pojawi\u0107 si\u0119 ekskluzywne wiadomo\u015bci. I chocia\u017c w\u00f3wczas nie by\u0142o jasne, co si\u0119 za tym kryje, to mo\u017cna by\u0142o podejrzewa\u0107, \u017ce co\u015b sporego. Mo\u017cna te\u017c by\u0142o s\u0105dzi\u0107, \u017ce to chwyt marketingowy i tak naprawd\u0119 \u201eekskluzywne\u201d mo\u017ce by\u0107 og\u0142oszenie wydania wszystkich serii w komplecie na p\u0142ytach BluRay i DVD, ale wtedy pojawia\u0142o si\u0119 pytanie, czy do czego\u015b takiego potrzeba by by\u0142o od razu audycji z udzia\u0142em publiczno\u015bci, kt\u00f3ra tak czy inaczej za\u017c\u0105da\u0142aby odpowiedzi na temat ewentualnej nowej serii.<\/p>\n\n\n\n<p class=\"wp-block-paragraph\">By\u0142 tak\u017ce jeszcze inny czynnik. Kilka dni przed wywiadem Serbowie skontaktowali si\u0119 na Instagramie z Jeromem Mouscadetem. W odpowiedzi na wiadomo\u015b\u0107 o tym, \u017ce na Ba\u0142kanach fani nadal pami\u0119taj\u0105 o serialu i czekaj\u0105 na nowe wie\u015bci, napisa\u0142: \u201cPracuj\u0119 nad tym, aby to \u017cy\u0142o, wkr\u00f3tce opublikuj\u0119 nowe informacje\u201d. Czyli jakby co\u015b tu ju\u017c sugerowa\u0142.<\/p>\n\n\n\n<p class=\"wp-block-paragraph\">Po tym, co pad\u0142o w wywiadzie, jeste\u015bmy w nieco innej sytuacji ni\u017c wcze\u015bniej. Wiemy, \u017ce nowa seria si\u0119 pisze, i \u017ce do jej tworzenia zaanga\u017cowano star\u0105 ekip\u0119, co potwierdzi\u0142 Thomas Romain, kt\u00f3ry te\u017c ju\u017c nad czym\u015b pracuje. Kwestie prawne ruszy\u0142y do przodu w ci\u0105gu ostatniego roku i s\u0105 na ko\u0144cowym etapie. Jerome Mouscadet b\u0119dzie przy nowej serii pe\u0142ni\u0142 rol\u0119 nie tylko dyrektora, ale te\u017c producenta. Doda\u0142 on tak\u017ce, i\u017c sprawy ruszy\u0142y do przodu w ci\u0105gu ostatniego roku. Decroisette zasugerowa\u0142a r\u00f3wnie\u017c, \u017ce w nowych odcinkach b\u0119dzie mo\u017cna kontynuowa\u0107 niekt\u00f3re w\u0105tki poruszane w oryginalnej serii, zw\u0142aszcza te zwi\u0105zane ze sztuczn\u0105 inteligencj\u0105 i rosn\u0105c\u0105 rol\u0105 maszyn w codziennym \u017cyciu.<\/p>\n\n\n\n<p class=\"wp-block-paragraph\">Potwierdzony jest tak\u017ce udzia\u0142 Tanii Palumbo, natomiast w kontek\u015bcie starej ekipy angloj\u0119zyczny fandom jest nieco wyczulony na Thomasa Astruca. W ostatnich latach bardziej znany jest on jako tw\u00f3rca animacji \u201eMiraculous: Biedronka i Czarny Kot\u201d (moim zdaniem do\u015b\u0107 przeci\u0119tna). Te obawy nie s\u0105 bezpodstawne, cho\u0107 sytuacja te\u017c nie jest jednoznaczna. Z jednej strony sam Astruc niekiedy idzie w relacjach z fanami w bardzo dziwne rejony, banuj\u0105c za wyra\u017cenie innego zdania ni\u017c swoje, dotycz\u0105ce postaci czy fabu\u0142y. Oczywi\u015bcie to jest \u015bwi\u0119te prawo tw\u00f3rcy, \u017ceby sobie ustala\u0107 rzeczy w produkcji po swojemu, ale jednak powinno si\u0119 mie\u0107 tward\u0105 dup\u0119 w kwestii krytyki, a nie odpowiada\u0107 na przyk\u0142ad \u201ezr\u00f3bmy sobie z twych jelit skakank\u0119\u201d albo \u201enie rozumiesz, bo jeste\u015b g\u0142upi, a ja zrobi\u0142em zajebisty serial\u201d. Troch\u0119 te\u017c nie w porz\u0105dku jest zbywanie tych, kt\u00f3rzy na tyle mocno wnikn\u0119li w serial, \u017ce chc\u0105 si\u0119 dowiedzie\u0107, dlaczego co\u015b dzia\u0142a tak, a nie inaczej, tekstem \u201eto jest bajka dla dzieci\u201d. My w CL te\u017c mamy troch\u0119 rzeczy, kt\u00f3rych mechanika nie jest na pierwszy rzut oka logiczna, ale z tego co pami\u0119tam to tw\u00f3rcy zawsze do takich pyta\u0144 podchodzili z otwarto\u015bci\u0105.<\/p>\n\n\n\n<p class=\"wp-block-paragraph\">Jest te\u017c druga strona medalu \u2013 znalaz\u0142o si\u0119 kilka os\u00f3b, kt\u00f3re zacz\u0119\u0142o wr\u0119cz grozi\u0107 \u015bmierci\u0105 Astrucowi i jego rodzinie. Tak wi\u0119c generalnie to jest do\u015b\u0107 mocno toksyczna relacja. Na naszym lyokowatym podw\u00f3rku sytuacja wygl\u0105da tak, \u017ce Astruc stworzy\u0142 scenariusze do trzech odcink\u00f3w w pierwszej serii, czyli w tej, w kt\u00f3rej jeszcze nie by\u0142o tak mocnej linii fabularnej determinuj\u0105cej sezon. To paradoksalnie ratuje sytuacje, bo Astruc, je\u015bli b\u0119dzie zaproszony, to te\u017c raczej nie by\u0142by nagle awansowany do tw\u00f3rcy ca\u0142ego plotu fabularnego, a jako autor kilku odcink\u00f3w. Natomiast to nazwisko przyci\u0105gn\u0119\u0142oby pewnie inwestor\u00f3w czy nawet jak\u0105\u015b du\u017c\u0105 firm\u0119 typu Netflix, kt\u00f3ra sypn\u0119\u0142aby kas\u0105.<\/p>\n\n\n\n<p class=\"wp-block-paragraph\">Pojawia si\u0119 te\u017c, przy okazji tego wywiadu, kwestia tego, ile si\u0119 dowiedzieli\u015bmy i ile mogli\u015bmy si\u0119 dowiedzie\u0107. Tu jest kilka opcji. Albo faktycznie jest tak, \u017ce te kwestie prawne s\u0105 na ko\u0144cowym etapie dopinania i mo\u017cna zacz\u0105\u0107 pisa\u0107 now\u0105 seri\u0119, ale jeszcze nie jest pewne, czy to ruszy i czy znajdzie si\u0119 kto\u015b ch\u0119tny do sfinansowania produkcji, albo te\u017c ca\u0142y proces jest o krok dalej ni\u017c to, co wiemy, ale z pewnych biznesowych wzgl\u0119d\u00f3w nie mo\u017cna teraz o wszystkim m\u00f3wi\u0107. W ko\u0144cu pieni\u0105dze i interesy lubi\u0105 cisz\u0119. Jak b\u0119dzie, przekonamy si\u0119, oby niebawem.<\/p>\n\n\n\n<p class=\"wp-block-paragraph\">Ciekawie brzmi tutaj nadzieja tw\u00f3rc\u00f3w co do zainteresowania przez platformy streamingowe. Uwa\u017cam, \u017ce bezpieczniej by by\u0142o, gdyby to sta\u0142o si\u0119 wed\u0142ug scenariusza wspominanego przez Mouscadeta: platforma, jak np. Netflix, wykupuje prawa do dystrybucji i obecno\u015bci gotowego serialu w swojej ofercie, ale nie ingeruje w produkcj\u0119, bo nie ma w co ingerowa\u0107. Ta opcja nie wi\u0105za\u0142aby si\u0119 z konfliktami dotycz\u0105cymi r\u00f3\u017cnych wizji seriali, cho\u0107 te\u017c pewnie mog\u0142aby nie przynie\u015b\u0107 takiego zastrzyku got\u00f3wki jak sytuacja, w kt\u00f3rej Netflix partycypuje w kosztach produkcji, ale ma prawo do sugestii, cz\u0119sto z gatunku \u201enie do odrzucenia\u201d.<\/p>\n\n\n\n<p class=\"wp-block-paragraph\">Osobne kwestie wi\u0105\u017c\u0105 si\u0119 z sam\u0105 fabu\u0142\u0105 i tym, jak ta nowa seria mia\u0142aby wygl\u0105da\u0107. My\u015bl\u0119 jednak, \u017ce to jest na tyle obszerny w\u0105tek, \u017ce zas\u0142uguje on na osobny tekst, zreszt\u0105 ju\u017c ten artyku\u0142 ma do\u015b\u0107 spor\u0105 obj\u0119to\u015b\u0107 praktycznie ca\u0142ej strony w gazecie, w kt\u00f3rej publikuj\u0119 za pieni\u0105dz\u0119. Tak wi\u0119c tu na razie mog\u0119 postawi\u0107 kropk\u0119, stwierdzaj\u0105c i\u017c ci\u0105g dalszy nast\u0105pi.<\/p>\n\n\n\n<p class=\"wp-block-paragraph\"><\/p>\n\n\n\n<p class=\"wp-block-paragraph\"><em>Autor: Jeremie_96<\/em><\/p>\n","protected":false},"excerpt":{"rendered":"<p>Tak si\u0119 z\u0142o\u017cy\u0142o, \u017ce 23 rocznica premiery pierwszego odcinka serialu przypada na okres jednego z wi\u0119kszych o\u017cywie\u0144 fandomu \u015bwiatowego od d\u0142u\u017cszego czasu. To za spraw\u0105 czerwcowego wywiadu, kt\u00f3rego udzielili Sophie Decroisette i Jerome Mouscadet. Powiedzia\u0142bym nawet, \u017ce nastroje teraz s\u0105 bardziej optymistyczne ni\u017c przy 20 rocznicy, gdy te\u017c troch\u0119 wisia\u0142o w powietrzu pewne oczekiwanie, \u017ce &hellip;<br \/><a href=\"https:\/\/kodlyoko.pl\/index.php\/artykuly\/redaktorskie\/felietony\/rocznica-i-czekanie-na-wiesci\/\" class=\"more-link pen_button pen_element_default pen_icon_arrow_double\">Read more<\/a><\/p>\n","protected":false},"author":5,"featured_media":0,"parent":2587,"menu_order":0,"comment_status":"open","ping_status":"closed","template":"","meta":{"footnotes":""},"categories":[50],"tags":[],"class_list":["post-4506","page","type-page","status-publish","hentry","category-artykuly-felietony"],"_links":{"self":[{"href":"https:\/\/kodlyoko.pl\/index.php\/wp-json\/wp\/v2\/pages\/4506","targetHints":{"allow":["GET"]}}],"collection":[{"href":"https:\/\/kodlyoko.pl\/index.php\/wp-json\/wp\/v2\/pages"}],"about":[{"href":"https:\/\/kodlyoko.pl\/index.php\/wp-json\/wp\/v2\/types\/page"}],"author":[{"embeddable":true,"href":"https:\/\/kodlyoko.pl\/index.php\/wp-json\/wp\/v2\/users\/5"}],"replies":[{"embeddable":true,"href":"https:\/\/kodlyoko.pl\/index.php\/wp-json\/wp\/v2\/comments?post=4506"}],"version-history":[{"count":2,"href":"https:\/\/kodlyoko.pl\/index.php\/wp-json\/wp\/v2\/pages\/4506\/revisions"}],"predecessor-version":[{"id":4510,"href":"https:\/\/kodlyoko.pl\/index.php\/wp-json\/wp\/v2\/pages\/4506\/revisions\/4510"}],"up":[{"embeddable":true,"href":"https:\/\/kodlyoko.pl\/index.php\/wp-json\/wp\/v2\/pages\/2587"}],"wp:attachment":[{"href":"https:\/\/kodlyoko.pl\/index.php\/wp-json\/wp\/v2\/media?parent=4506"}],"wp:term":[{"taxonomy":"category","embeddable":true,"href":"https:\/\/kodlyoko.pl\/index.php\/wp-json\/wp\/v2\/categories?post=4506"},{"taxonomy":"post_tag","embeddable":true,"href":"https:\/\/kodlyoko.pl\/index.php\/wp-json\/wp\/v2\/tags?post=4506"}],"curies":[{"name":"wp","href":"https:\/\/api.w.org\/{rel}","templated":true}]}}