{"id":4094,"date":"2024-12-24T20:17:10","date_gmt":"2024-12-24T19:17:10","guid":{"rendered":"https:\/\/kodlyoko.pl\/?page_id=4094"},"modified":"2025-01-19T18:48:43","modified_gmt":"2025-01-19T17:48:43","slug":"rozdzial-49","status":"publish","type":"page","link":"https:\/\/kodlyoko.pl\/index.php\/artykuly\/opowiadania\/serie\/bez-lyoko-czyli-zycie-tylko-w-realu\/rozdzial-49\/","title":{"rendered":"Rozdzia\u0142 49"},"content":{"rendered":"\n<p>Dochodzi\u0142a p\u00f3\u0142noc. W radiu od kilku godzin trwa\u0142a dyskusja na temat zaj\u015b\u0107 w szkole Kadic. Czekano na konferencj\u0119 ministra edukacji. Mia\u0142a ona co prawda dotyczy\u0107 kolejnego programu skierowanego do uczni\u00f3w, kt\u00f3ry zak\u0142ada\u0142 zmniejszenie spo\u017cycia energetyk\u00f3w, ale podczas pyta\u0144 od dziennikarzy spodziewano si\u0119, \u017ce kto\u015b jednak poruszy bardziej interesuj\u0105cy opini\u0119 publiczn\u0105 temat.<\/p>\n\n\n\n<p>&#8211; W\u0142a\u015bnie dosta\u0142em sygna\u0142, \u017ce minister b\u0119dzie odpowiada\u0107 na pytania, tak wi\u0119c przenosimy si\u0119 na konferencj\u0119 \u2013 powiedzia\u0142 prowadz\u0105cy debat\u0119.<\/p>\n\n\n\n<p>Po chwili by\u0142o s\u0142ycha\u0107 polityka, m\u00f3wi\u0105cego o tym, \u017ce zakup laptop\u00f3w dla uczni\u00f3w to wydatek, kt\u00f3ry zaplanowano ju\u017c w przysz\u0142orocznym bud\u017cecie, wi\u0119c nie ma obawy, \u017ce kto\u015b nie dostanie sprz\u0119tu.<\/p>\n\n\n\n<p>&#8211; Chcia\u0142bym zapyta\u0107, co pan uwa\u017ca o pobiciu uczennicy przez uczniowskie s\u0142u\u017cby porz\u0105dkowe w szkole Kadic w Pary\u017cu?<\/p>\n\n\n\n<p>&#8211; W tej sprawie nie uwa\u017cam nic \u2013 odpowiedzia\u0142 minister.<\/p>\n\n\n\n<p>Jeremie, Odd i Ulrich, s\u0142uchaj\u0105cy audycji, zdziwili si\u0119 tak\u0105 reakcj\u0105.<\/p>\n\n\n\n<p>&#8211; Por\u0105ba\u0142o go? &#8211; rzek\u0142 Odd. &#8211; Jak on mo\u017ce nie uwa\u017ca\u0107 nic w sprawie, kt\u00f3ra wi\u0105\u017ce si\u0119 z jego rz\u0105dami?<\/p>\n\n\n\n<p>&#8211; Gra g\u0142upiego \u2013 odpowiedzia\u0142 Ulrich. &#8211; Mo\u017ce ma \u015bwiadomo\u015b\u0107, \u017ce gdyby zacz\u0105\u0142 si\u0119 dok\u0142adniej wypowiada\u0107, to m\u00f3g\u0142by nawet straci\u0107 stanowisko. To przecie\u017c dzi\u0119ki jego planom mo\u017cna by\u0142o w og\u00f3le powo\u0142a\u0107 legi\u0119.<\/p>\n\n\n\n<p>&#8211; Jak na razie nie ma mowy o tym, aby wylecia\u0142 \u2013 stwierdzi\u0142 Jeremie. &#8211; Koalicja rz\u0105dz\u0105ca ma wci\u0105\u017c stabiln\u0105 wi\u0119kszo\u015b\u0107, wi\u0119c nawet wniosek o wotum nieufno\u015bci niczego by nie da\u0142 poza kolejnymi kilkoma godzinami widowiska z wynikiem jasnym od samego pocz\u0105tku. Ale jest mo\u017cliwe, \u017ce zaufanie do ministerstwa edukacji spadnie, szczeg\u00f3lnie je\u015bli protest p\u00f3jdzie tak, jak powinien.<\/p>\n\n\n\n<p>&#8211; A jak to ma wygl\u0105da\u0107? &#8211; spyta\u0142 W\u0142och.<\/p>\n\n\n\n<p>&#8211; Z tego co m\u00f3wi\u0142a Yumi, to mamy wzi\u0105\u0107 \u015bpiwory, jakie\u015b przek\u0105ski i zamkn\u0105\u0107 si\u0119 w \u015bwietlicy tak d\u0142ugo, a\u017c nie spe\u0142ni si\u0119 naszych postulat\u00f3w \u2013 wskaza\u0142 Niemiec.<\/p>\n\n\n\n<p>&#8211; Co natomiast z lekcjami? &#8211; dorzuci\u0142 okularnik. &#8211; Nieobecno\u015bci mo\u017ce by\u0107 sporo.<\/p>\n\n\n\n<p>&#8211; I w\u0142a\u015bnie tu jest ca\u0142y myk. Je\u015bli to b\u0119dzie masowy protest, to nawet nie b\u0119dzie sensu prowadzenia lekcji i sprawdzania obecno\u015bci. A wtedy dyrekcja b\u0119dzie musia\u0142a z nami rozmawia\u0107.<\/p>\n\n\n\n<p>&#8211; A je\u015bli nie b\u0119dzie? Wy\u015bl\u0105 gestapowc\u00f3w z legii na nas, \u017ceby nas pa\u0142ami zlali?<\/p>\n\n\n\n<p>&#8211; Tego raczej nie b\u0119d\u0105 ryzykowali. Nie po tym, jak zdarzenie z Monic\u0105 wysz\u0142o na jaw.<\/p>\n\n\n\n<p>Ch\u0142opcy dyskutowali jeszcze przez kilka minut, po czym Odd i Ulrich postanowili p\u00f3j\u015b\u0107 do siebie, by si\u0119 nieco przespa\u0107.<\/p>\n\n\n\n<p>&#8211; Tylko po cichu, \u017ceby si\u0119 Jim nie zorientowa\u0142 \u2013 ostrzeg\u0142 Niemiec.<\/p>\n\n\n\n<p>Jeremie zacz\u0105\u0142 si\u0119 \u015bmia\u0107.<\/p>\n\n\n\n<p>&#8211; To jest jednak do\u015b\u0107 grotestkowe. Rano szykujemy chyba najbardziej niezwyczajn\u0105 akcj\u0119 w historii tej szko\u0142y, a teraz musicie si\u0119 kry\u0107 przed oty\u0142ym nauczycielem wuefu z brakami w koordynacji oraz my\u015bleniu.<\/p>\n\n\n\n<p>&#8211; Bo dzi\u015b to Jim mo\u017ce nam co\u015b zrobi\u0107, ale jutro ju\u017c nas nie ruszy.<\/p>\n\n\n\n<p>Min\u0105\u0142 jeszcze kwadrans, po czym Jeremie us\u0142ysza\u0142 pukanie do drzwi. Domy\u015blal si\u0119, kto to, ale by\u0142 nieco zaskoczony, gdy zobaczy\u0142 Aelit\u0119. Jeszcze nigdy nie widzia\u0142 jej w sukience, tym bardziej takiej, kt\u00f3ra by\u0142a na tyle d\u0142uga, by zakrywa\u0107 prawie ca\u0142e nogi, a jednocze\u015bnie odkrywa\u0107 ramiona. Ca\u0142a kreacja by\u0142a w mocno czerwonym kolorze.<\/p>\n\n\n\n<p>&#8211; Jak ci si\u0119 podobam? &#8211; spyta\u0142a dziewczyna.<\/p>\n\n\n\n<p>&#8211; Bardzo\u2026 &#8211; odpowiedzia\u0142 oszo\u0142omiony ch\u0142opak. &#8211; Ale czy my dzisiaj mamy jak\u0105\u015b okazj\u0119?<\/p>\n\n\n\n<p>&#8211; Nie musz\u0119 mie\u0107 okazji, \u017ceby m\u00f3c wygl\u0105da\u0107 wyj\u0105tkowo dla mojego wybawiciela \u2013 Aelita podesz\u0142a do Jeremiego i poca\u0142owa\u0142a go w policzek. Potem oboje si\u0119 obj\u0119li i przytulili, a nast\u0119pnie ca\u0142owali. Okaza\u0142o si\u0119, \u017ce tej nocy Aelita jednak nie chce spa\u0107 na swoim pi\u0119trze.<\/p>\n\n\n\n<p>&#8211; Nie boisz si\u0119 Jima? &#8211; spyta\u0142 okularnik, gdy oboje ju\u017c le\u017celi.<\/p>\n\n\n\n<p>&#8211; A co mi zrobi? Poza tym on nigdy nie robi inspekcji. Zawsze o tym zapomina, bo zasypia przed telewizorem.<\/p>\n\n\n\n<p>W tym samym czasie Morales wzi\u0105\u0142 klucze od pokoj\u00f3w dziewczyn i rozpocz\u0105\u0142 obch\u00f3d.<\/p>\n\n\n\n<p>&#8211; Wreszcie si\u0119 za to zabra\u0142em. Kamery w nocy nic nie daj\u0105, szczeg\u00f3lnie \u017ce jest ciemno. Ale u dziewczyn zazwyczaj nie ma problem\u00f3w.<\/p>\n\n\n\n<p>Doszed\u0142 do pokoju, w kt\u00f3rym spa\u0142a Aelita Stones.<\/p>\n\n\n\n<p>&#8211; Panna Stones \u2013 m\u00f3wi\u0142 do siebie po cichu. &#8211; Raczej powinna spa\u0107, bo ostatnio nie mam z ni\u0105 \u017cadnych problem\u2026<\/p>\n\n\n\n<p>Zaniem\u00f3wi\u0142, widz\u0105c puste \u0142\u00f3zko. Spojrza\u0142 na zegarek. By\u0142o 20 minut po pierwszej.<\/p>\n\n\n\n<p>&#8211; PANNO STONES!!!<\/p>\n","protected":false},"excerpt":{"rendered":"<p>Dochodzi\u0142a p\u00f3\u0142noc. W radiu od kilku godzin trwa\u0142a dyskusja na temat zaj\u015b\u0107 w szkole Kadic. Czekano na konferencj\u0119 ministra edukacji. Mia\u0142a ona co prawda dotyczy\u0107 kolejnego programu skierowanego do uczni\u00f3w, kt\u00f3ry zak\u0142ada\u0142 zmniejszenie spo\u017cycia energetyk\u00f3w, ale podczas pyta\u0144 od dziennikarzy spodziewano si\u0119, \u017ce kto\u015b jednak poruszy bardziej interesuj\u0105cy opini\u0119 publiczn\u0105 temat. &#8211; W\u0142a\u015bnie dosta\u0142em sygna\u0142, &hellip;<br \/><a href=\"https:\/\/kodlyoko.pl\/index.php\/artykuly\/opowiadania\/serie\/bez-lyoko-czyli-zycie-tylko-w-realu\/rozdzial-49\/\" class=\"more-link pen_button pen_element_default pen_icon_arrow_double\">Read more<\/a><\/p>\n","protected":false},"author":5,"featured_media":0,"parent":203,"menu_order":49,"comment_status":"open","ping_status":"closed","template":"","meta":{"footnotes":""},"categories":[22],"tags":[],"class_list":["post-4094","page","type-page","status-publish","hentry","category-artykuly-bezlyoko"],"_links":{"self":[{"href":"https:\/\/kodlyoko.pl\/index.php\/wp-json\/wp\/v2\/pages\/4094","targetHints":{"allow":["GET"]}}],"collection":[{"href":"https:\/\/kodlyoko.pl\/index.php\/wp-json\/wp\/v2\/pages"}],"about":[{"href":"https:\/\/kodlyoko.pl\/index.php\/wp-json\/wp\/v2\/types\/page"}],"author":[{"embeddable":true,"href":"https:\/\/kodlyoko.pl\/index.php\/wp-json\/wp\/v2\/users\/5"}],"replies":[{"embeddable":true,"href":"https:\/\/kodlyoko.pl\/index.php\/wp-json\/wp\/v2\/comments?post=4094"}],"version-history":[{"count":1,"href":"https:\/\/kodlyoko.pl\/index.php\/wp-json\/wp\/v2\/pages\/4094\/revisions"}],"predecessor-version":[{"id":4095,"href":"https:\/\/kodlyoko.pl\/index.php\/wp-json\/wp\/v2\/pages\/4094\/revisions\/4095"}],"up":[{"embeddable":true,"href":"https:\/\/kodlyoko.pl\/index.php\/wp-json\/wp\/v2\/pages\/203"}],"wp:attachment":[{"href":"https:\/\/kodlyoko.pl\/index.php\/wp-json\/wp\/v2\/media?parent=4094"}],"wp:term":[{"taxonomy":"category","embeddable":true,"href":"https:\/\/kodlyoko.pl\/index.php\/wp-json\/wp\/v2\/categories?post=4094"},{"taxonomy":"post_tag","embeddable":true,"href":"https:\/\/kodlyoko.pl\/index.php\/wp-json\/wp\/v2\/tags?post=4094"}],"curies":[{"name":"wp","href":"https:\/\/api.w.org\/{rel}","templated":true}]}}