{"id":4069,"date":"2024-11-19T14:13:40","date_gmt":"2024-11-19T13:13:40","guid":{"rendered":"https:\/\/kodlyoko.pl\/?page_id=4069"},"modified":"2025-01-19T18:48:48","modified_gmt":"2025-01-19T17:48:48","slug":"rozdzial-48","status":"publish","type":"page","link":"https:\/\/kodlyoko.pl\/index.php\/artykuly\/opowiadania\/serie\/bez-lyoko-czyli-zycie-tylko-w-realu\/rozdzial-48\/","title":{"rendered":"Rozdzia\u0142 48"},"content":{"rendered":"\n<p>Cho\u0107 Delmas by\u0142 w o\u015bwiacie ju\u017c od paru dekad, a zaczyna\u0142, gdy Francj\u0105 rz\u0105dzi\u0142 jeszcze Mitterrand, to nigdy wcze\u015bniej nie czu\u0142 si\u0119 tak zestresowany, id\u0105c do pracy. Uda\u0142o mu si\u0119 to jako\u015b ukry\u0107, gdy rano spotka\u0142 si\u0119 z nauczycielami i zaleci\u0142, by m\u00f3wi\u0107 uczniom, je\u015bli kt\u00f3ry\u015b z nich b\u0119dzie na tyle odwa\u017cny, by si\u0119 zapyta\u0107 o materia\u0142 z telewizji, \u017ce \u017cadnego pobicia nie by\u0142o, a media cz\u0119sto manipuluj\u0105 tylko po to, by zdoby\u0107 widowni\u0119. Jednak ci\u015bnienie ponownie mu skoczy\u0142o, gdy siedz\u0105c w swoim gabinecie, us\u0142ysza\u0142 z interkomu komunikat od sekretarki:<\/p>\n\n\n\n<p>&#8211; Panie dyrektorze, kto\u015b z telewizji do pana, bardzo chcia\u0142by porozmawia\u0107.<\/p>\n\n\n\n<p>&#8211; Niech wejdzie \u2013 powiedzia\u0142 dyrektor, cho\u0107 by\u0142 do\u015b\u0107 zdziwiony. Po chwili pomy\u015bla\u0142 jednak, \u017ce pewne wys\u0142ali do niego Pana Telewizj\u0119. Zna\u0142 go od kilku lat, wi\u0119c mo\u017cliwe, \u017ce da\u0142oby si\u0119 to za\u0142agodzi\u0107, namawiaj\u0105c \u017c\u0105dnego przyg\u00f3d reportera do tego, aby odpu\u015bci\u0142 sobie zajmowanie si\u0119 jakim\u015b niewyra\u017anym nagraniem i nakr\u0119ci\u0142 jaki\u015b bardziej przyjemny reporta\u017c. Gdy jednak otworzy\u0142 si\u0119 drzwi, by\u0142 ju\u017c mocno zaskoczony. Zamiast znanego dziennikarza pojawi\u0142 si\u0119 w nich do\u015b\u0107 wysoki brunet z brod\u0105.<\/p>\n\n\n\n<p>&#8211; Tomasz Sekielski, redakcja dziennika pierwszego kana\u0142u \u2013 przedstawi\u0142 si\u0119. &#8211; Domy\u015bla si\u0119 pan pewnie, dlaczego przyjechali\u015bmy.<\/p>\n\n\n\n<p>&#8211; Tak, niech pan usi\u0105dzie\u2026 &#8211; Delmas pr\u00f3bowa\u0142 ukry\u0107 swoje zaskoczenie. &#8211; Ale zanim zaczniemy, cho\u0107 my\u015bl\u0119, \u017ce to b\u0119dzie szybka sprawa, gdy\u017c nie by\u0142o to \u017cadne pobicie, a tylko nieszcz\u0119\u015bliwy wypadek, mam pytanie. Gdzie si\u0119 podzia\u0142 ten poprzedni redaktor, kt\u00f3ry okre\u015bla\u0142 siebie jako Pan Telewizja?<\/p>\n\n\n\n<p>&#8211; Ten karierowicz? &#8211; odpowiedzia\u0142 kpi\u0105co Sekielski. &#8211; Ju\u017c od p\u00f3\u0142 roku u nas nie pracuje. On nie potrafi\u0142 robi\u0107 prawdziwego dziennikarstwa. Jedyne, na czym si\u0119 zna\u0142, to lansowanie w\u0142asnej osoby. A to jest dobre, jak si\u0119 pracuje w tabloidzie, a nie w powa\u017cnej redakcji, kt\u00f3ra zajmuje si\u0119 najwa\u017cniejszymi dla widz\u00f3w sprawami.<\/p>\n\n\n\n<p>&#8211; Najwa\u017cniejszymi, powiada pan\u2026 czy w takim razie koniecznie musi pan robi\u0107 materia\u0142 o tym niewyra\u017anym nagraniu? Je\u015bli chce pan co\u015b realizowa\u0107 w naszej szkole, to mog\u0119 panu podrzuci\u0107 ca\u0142\u0105 gar\u015b\u0107 temat\u00f3w: nasze utalentowane ma\u017coretki, dru\u017cyn\u0119 pi\u0142karsk\u0105 czy ko\u0142o naukowe.<\/p>\n\n\n\n<p>&#8211; Panie dyrektorze, nie w\u0105tpi\u0119 \u017ce pa\u0144ska szko\u0142a ma si\u0119 czym pochwali\u0107, jednak tym razem nie chodzi o to, by pokaza\u0107 co\u015b, co i tak kiedy\u015b kto\u015b om\u00f3wi. Widz\u00f3w zainteresowa\u0142o to pobicie.<\/p>\n\n\n\n<p>&#8211; Nie mo\u017ce pan do ko\u0144ca stwierdzi\u0107, \u017ce to pobicie \u2013 zaoponowa\u0142 dyrektor.<\/p>\n\n\n\n<p>&#8211; Obraz jednak nie pozostawia w\u0105tpliwo\u015bci.<\/p>\n\n\n\n<p>&#8211; A czy ma pan pewno\u015b\u0107, \u017ce to jest prawdziwe nagranie? A mo\u017ce to jest rzecz sfabrykowana przez kogo\u015b z\u0142o\u015bliwego?<\/p>\n\n\n\n<p>&#8211; Czyli s\u0105dzi pan, \u017ce nie dosz\u0142o do \u017cadnego pobicia?<\/p>\n\n\n\n<p>&#8211; Absolutnie. To by\u0142 nieszcz\u0119\u015bliwy wypadek. Uczennic\u0105 szybko zaj\u0119\u0142a si\u0119 nasza wykwalifikowana pi\u0119legniarka.<\/p>\n\n\n\n<p>&#8211; Rozumiem, \u017ce b\u0119dzie mog\u0142a nam udzieli\u0107 wywiadu.<\/p>\n\n\n\n<p>&#8211; Oczywi\u015bcie. My niczego nie chcemy ukrywa\u0107.<\/p>\n\n\n\n<p>&#8211; A jak si\u0119 czuje uczennica, czy z ni\u0105 te\u017c b\u0119dziemy mogli porozmawia\u0107.<\/p>\n\n\n\n<p>Tu dyrektor ponownie zacz\u0105\u0142 mie\u0107 w\u0105tpliwo\u015bci.<\/p>\n\n\n\n<p>&#8211; Monica czuje si\u0119 ju\u017c dobrze, ale nie s\u0105dz\u0119, \u017ceby trzeba by\u0142o j\u0105 stresowa\u0107 niepotrzebnymi wywiadami.<\/p>\n\n\n\n<p>&#8211; OK\u2026 &#8211; dziennikarz przez chwil\u0119 straci\u0142 rezon, ale nie na d\u0142ugo. &#8211; To w takim razie teraz nagramy wypowied\u017a do telewizji, dobrze? Mo\u017ce pan powiedzie\u0107 to samo, co teraz, bo chyba nie chce pan ok\u0142amywa\u0107 opinii publicznej?<\/p>\n\n\n\n<p>Temat rozm\u00f3w w sto\u0142\u00f3wce m\u00f3g\u0142 by\u0107 tylko jeden. Wszyscy uczniowie komentowali wczorajszym material. Niekt\u00f3rzy nie mogli uwierzy\u0107, \u017ce co\u015b takiego sta\u0142o si\u0119 w ich szkole, kt\u00f3r\u0105 zawsze uwa\u017cali za renomowan\u0105. Inni za\u015b stwierdzali, \u017ce tym z legii od pocz\u0105tku \u017ale patrzy\u0142o z oczu.<\/p>\n\n\n\n<p>&#8211; Ciekawe, kiedy si\u0119 dyro wypowie \u2013 powiedzia\u0142 Odd, prze\u0142ykaj\u0105c kolejny k\u0119s rogalika.<\/p>\n\n\n\n<p>&#8211; Mo\u017cliwe \u017ce dzisiaj \u2013 odpowiedzia\u0142 Jeremie. &#8211; Widzia\u0142em w\u00f3z ekipy telewizyjnej przed szkol\u0105, pewnie ju\u017c co\u015b nagrywali.<\/p>\n\n\n\n<p>Aelita sprawdza\u0142a wie\u015bci w internecie.<\/p>\n\n\n\n<p>&#8211; Jak na razie g\u0142\u00f3wnie komentarze poszczeg\u00f3lnych polityk\u00f3w wybijaj\u0105 si\u0119 na pierwszy plan. Nic nadzwyczajnego, opozycja twierdzi, \u017ce to zgubny efekt rz\u0105dowej reformy, za\u015b politycy partii rz\u0105dz\u0105cej albo m\u00f3wi\u0105, \u017ce to jest fa\u0142szywka, albo, je\u015bli ju\u017c dopuszczaj\u0105 do siebie my\u015bl, i\u017c do takiego pobicia dosz\u0142o, podkre\u015blaj\u0105 \u017ce w ka\u017cdej spo\u0142eczno\u015bci s\u0105 czarne owce, ale nie nale\u017cy pot\u0119pia\u0107 ca\u0142o\u015bci.<\/p>\n\n\n\n<p>&#8211; Tylko co, je\u015bli takich czarnych owiec jest wi\u0119cej? &#8211; rzek\u0142 Ulrich. &#8211; Przecie\u017c jak oni oka\u017c\u0105 si\u0119 bezkarni, to dadz\u0105 sygna\u0142 innym, \u017ce tak mo\u017cna robi\u0107. A wtedy mamy jak w banku kolejne pobicia i to w jakim\u015b cholernym majestacie prawa.<\/p>\n\n\n\n<p>Po chwili ciszy Jeremie odezwa\u0142 si\u0119 ponownie:<\/p>\n\n\n\n<p>&#8211; A co z Yumi? Podobno mia\u0142a by\u0107 zawieszona.<\/p>\n\n\n\n<p>&#8211; Tak, ale zanim dyrektor zadzwoni\u0142 do jej rodzic\u00f3w, by powiadomi\u0107 o niecnym zachowaniu c\u00f3rki, sekretarka przypomnia\u0142a, \u017ce teraz nawet taki wniosek musi by\u0107 przedstawiony na radzie pedagogicznej. A \u017ce Delmasowi jeszcze a\u017c tak si\u0119 nie \u015bpieszy, to Yumi jeszcze nie ma kary. Tylko nie wiadomo, jak d\u0142ugo to potrwa.<\/p>\n\n\n\n<p>Cho\u0107 lekcje toczy\u0142y si\u0119 tak jak zazwyczaj, to wielu uczni\u00f3w trudniej ni\u017c zwykle koncentrowa\u0142o si\u0119 na nauce. A jeszcze wi\u0119ksze problemy nast\u0105pi\u0142y, gdy pojawi\u0142y si\u0119 w internecie pierwsze zajawki kolejnego wieczornego programu.<\/p>\n\n\n\n<p>Nadesz\u0142a godzina 20:00. Zapowiedziano powr\u00f3t do sprawy, o kt\u00f3rej m\u00f3wiono poprzedniego wieczoru. Najpierw pokazano dyrektora Delmasa, jak w swoim gabinecie m\u00f3wi\u0142:<\/p>\n\n\n\n<p>&#8211; Mog\u0119 z ca\u0142\u0105 odpowiedzialno\u015bci\u0105 stwierdzi\u0107, \u017ce \u017cadnego pobicia nie by\u0142o. Pobicie wymy\u015blili dziennikarze, za\u015b legia szkolna jest bardzo docenian\u0105 i szanowan\u0105 przez uczni\u00f3w organizacj\u0105.<\/p>\n\n\n\n<p>Po chwili redaktor w studiu zapowiedzia\u0142:<\/p>\n\n\n\n<p>&#8211; Kuratorium o\u015bwiaty stwierdzi\u0142o, \u017ce dopiero jutro jego rzecznik b\u0119dzie m\u00f3g\u0142 wystosowa\u0107 o\u015bwiadczenie w tej sprawie. Mamy nadziej\u0119, \u017ce uwa\u017cnie ogl\u0105da nasz program. Naszemu reporterowi uda\u0142o si\u0119 dotrze\u0107 i porozmawia\u0107 z uczennic\u0105, kt\u00f3ra zdaniem dyrektora mia\u0142a wypadek. Jednak Monica ma w tej kwestii zupe\u0142nie inne zdanie.<\/p>\n\n\n\n<p>Pokazano dziewczyn\u0119 odwr\u00f3con\u0105 ty\u0142em do kamery. Jej g\u0142os by\u0142 nieco zmieniony komputerowo, tak aby nie nast\u0105pi\u0142y \u017cadne negatywne skutki ujawnienia sprawy.<\/p>\n\n\n\n<p>&#8211; Mia\u0142am p\u00f3j\u015b\u0107 do \u0142azienki i zmy\u0107 makija\u017c. Odprowadza\u0142o mnie dw\u00f3ch oprych\u00f3w, jeden w okularach, z czarnymi w\u0142osami, drugi za\u015b bez okular\u00f3w, nieco wy\u017cszy. W pewnym momencie z\u0142apali mnie i zacz\u0119li bi\u0107 pa\u0142kami. M\u00f3wili na mnie \u201ety szmato\u201d. By\u0142am kompletnie przera\u017cona. Ca\u0142e szcz\u0119\u015bcie by\u0142a w pobli\u017cu dziewczyna ze starszej klasy, kt\u00f3ra mi pomog\u0142a. Przyznam jednak, \u017ce s\u0142abo pami\u0119tam, co by\u0142o potem.<\/p>\n\n\n\n<p>Dyrektor Delmas siedzia\u0142 os\u0142upia\u0142y przed telewizorem. Nie m\u00f3g\u0142 uwierzy\u0107 w to,co zobaczy\u0142 i us\u0142ysza\u0142. A dok\u0142adniej \u2013 wiedzia\u0142, \u017ce Monica m\u00f3wi prawd\u0119. Jednak nie m\u00f3g\u0142 teraz tego przyzna\u0107, gdy\u017c wyl\u0105dowa\u0142by po uszy w problemach.<\/p>\n\n\n\n<p>\u201eKurwa ma\u0107! Wygada\u0142a si\u0119 g\u0142upia dziewucha! Co ja teraz zrobi\u0119? Nie mog\u0119 przecie\u017c teraz odkr\u0119ca\u0107 i m\u00f3wi\u0107, \u017ce \u017cartowa\u0142em! A mo\u017ce\u2026 tak, to b\u0119dzie dra\u0144stwo. Ale\u2026 mo\u017ce uzna\u0107, \u017ce z racji urazu g\u0142owy mia\u0142a halucynacje? I to pobicie jej si\u0119 przy\u015bni\u0142o. To powinno zaskoczy\u0107\u201d.<\/p>\n\n\n\n<p>Oburzenie po materiale wybuch\u0142o tak\u017ce w internecie. Coraz wi\u0119cej komentuj\u0105cych domaga\u0142o si\u0119 ostatecznego wyja\u015bnienia sprawy. Na tajnej grupie, gdzie przygotowywano si\u0119 do protestu, pojawi\u0142a si\u0119 informacja:<\/p>\n\n\n\n<p>Jutro. Godzina 8:00. Zaczynamy. Przynie\u015bcie \u015bpiwory.<\/p>\n\n\n\n<p>Pingwin si\u0119 doigra.<\/p>\n","protected":false},"excerpt":{"rendered":"<p>Cho\u0107 Delmas by\u0142 w o\u015bwiacie ju\u017c od paru dekad, a zaczyna\u0142, gdy Francj\u0105 rz\u0105dzi\u0142 jeszcze Mitterrand, to nigdy wcze\u015bniej nie czu\u0142 si\u0119 tak zestresowany, id\u0105c do pracy. Uda\u0142o mu si\u0119 to jako\u015b ukry\u0107, gdy rano spotka\u0142 si\u0119 z nauczycielami i zaleci\u0142, by m\u00f3wi\u0107 uczniom, je\u015bli kt\u00f3ry\u015b z nich b\u0119dzie na tyle odwa\u017cny, by si\u0119 zapyta\u0107 &hellip;<br \/><a href=\"https:\/\/kodlyoko.pl\/index.php\/artykuly\/opowiadania\/serie\/bez-lyoko-czyli-zycie-tylko-w-realu\/rozdzial-48\/\" class=\"more-link pen_button pen_element_default pen_icon_arrow_double\">Read more<\/a><\/p>\n","protected":false},"author":5,"featured_media":0,"parent":203,"menu_order":48,"comment_status":"closed","ping_status":"closed","template":"","meta":{"footnotes":""},"categories":[22],"tags":[],"class_list":["post-4069","page","type-page","status-publish","hentry","category-artykuly-bezlyoko"],"_links":{"self":[{"href":"https:\/\/kodlyoko.pl\/index.php\/wp-json\/wp\/v2\/pages\/4069","targetHints":{"allow":["GET"]}}],"collection":[{"href":"https:\/\/kodlyoko.pl\/index.php\/wp-json\/wp\/v2\/pages"}],"about":[{"href":"https:\/\/kodlyoko.pl\/index.php\/wp-json\/wp\/v2\/types\/page"}],"author":[{"embeddable":true,"href":"https:\/\/kodlyoko.pl\/index.php\/wp-json\/wp\/v2\/users\/5"}],"replies":[{"embeddable":true,"href":"https:\/\/kodlyoko.pl\/index.php\/wp-json\/wp\/v2\/comments?post=4069"}],"version-history":[{"count":1,"href":"https:\/\/kodlyoko.pl\/index.php\/wp-json\/wp\/v2\/pages\/4069\/revisions"}],"predecessor-version":[{"id":4070,"href":"https:\/\/kodlyoko.pl\/index.php\/wp-json\/wp\/v2\/pages\/4069\/revisions\/4070"}],"up":[{"embeddable":true,"href":"https:\/\/kodlyoko.pl\/index.php\/wp-json\/wp\/v2\/pages\/203"}],"wp:attachment":[{"href":"https:\/\/kodlyoko.pl\/index.php\/wp-json\/wp\/v2\/media?parent=4069"}],"wp:term":[{"taxonomy":"category","embeddable":true,"href":"https:\/\/kodlyoko.pl\/index.php\/wp-json\/wp\/v2\/categories?post=4069"},{"taxonomy":"post_tag","embeddable":true,"href":"https:\/\/kodlyoko.pl\/index.php\/wp-json\/wp\/v2\/tags?post=4069"}],"curies":[{"name":"wp","href":"https:\/\/api.w.org\/{rel}","templated":true}]}}