{"id":375,"date":"2021-04-14T16:00:49","date_gmt":"2021-04-14T16:00:49","guid":{"rendered":"http:\/\/kodlyoko.pl\/?page_id=375"},"modified":"2021-04-14T16:00:50","modified_gmt":"2021-04-14T16:00:50","slug":"rozdzial-14-lato-bez-ogorkow-albo-jak-wkurzyc-francuzow","status":"publish","type":"page","link":"https:\/\/kodlyoko.pl\/index.php\/artykuly\/redaktorskie\/wspomnienia-redaktora\/rozdzial-14-lato-bez-ogorkow-albo-jak-wkurzyc-francuzow\/","title":{"rendered":"Rozdzia\u0142 14 \u2013 Lato bez og\u00f3rk\u00f3w (albo jak wkurzy\u0107 Francuz\u00f3w)"},"content":{"rendered":"\n<p class=\"has-drop-cap\">Na prze\u0142omie maja i czerwca po raz kolejny na facebookowym profilu Teletoona pojawi\u0142a si\u0119 dyskusja na temat obietnic oraz og\u00f3lnej kondycji stacji, do\u015b\u0107 sporo os\u00f3b si\u0119 w to w\u0142\u0105czy\u0142o, niekt\u00f3rzy okre\u015blali akcj\u0119 pisania post\u00f3w (dotycz\u0105cych nie tylko kwestii lyokowatej) \u201esprzeciwem wobec niesprawiedliwo\u015bci Teletoona\u201d. Wpis\u00f3w by\u0142o na tyle du\u017co, \u017ce redakcja telewizji nie mog\u0142a tego zlekcewa\u017cy\u0107, dlatego jednego dnia, do\u015b\u0107 p\u00f3\u017ano, bo tu\u017c przed 23:00, odpisali nast\u0119puj\u0105co:<\/p>\n\n\n\n<p><em>Aktualnie nie mamy licencji na CL i p\u00f3ki co nie mo\u017cemy go emitowa\u0107. Gdyby\u015bmy mieli licencj\u0119, bezzw\u0142ocznie by\u015bmy pokazali ten serial. Czemu mieliby\u015bmy go przed Wami &#8220;chowa\u0107&#8221;? Przecie\u017c sprawa jest oczywista &#8211; my jeste\u015bmy szcz\u0119\u015bliwi, kiedy nasi widzowie s\u0105 zadowoleni. Nie rozumiemy czemu doszukujecie si\u0119 naszej z\u0142ej woli? Co mieliby\u015bmy tym osi\u0105gn\u0105\u0107? Tak jak pisali\u015bmy &#8211; mamy informacj\u0119 z redakcji, \u017ce nie zrezygnowali\u015bmy, staramy si\u0119 dla Was o ten serial.<\/em><\/p>\n\n\n\n<p>Coraz bardziej by\u0142o widoczne to, \u017ce do redakcji kompletnie nie trafiaj\u0105 argumenty prezentowane przez fan\u00f3w, \u017ce jest to lekcewa\u017cone i \u017ce nic sobie nie robi\u0105 z tego, \u017ce my wiemy o tym, i\u017c prawa zosta\u0142y zakupione, tylko wymy\u015bla si\u0119 jakie\u015b powody, \u017ceby tego nie pu\u015bci\u0107, jednocze\u015bnie nie m\u00f3wi\u0105c wprost, co si\u0119 dzieje. Tu w\u0142a\u015bnie by\u0142 jeden z najwi\u0119kszych b\u0142\u0119d\u00f3w redakcji telewizji, kt\u00f3ry mocno zaszkodzi\u0142 ich reputacji, do\u015b\u0107 miernej b\u0105d\u017a co b\u0105d\u017a \u2013 zamiast przyzna\u0107 si\u0119 do b\u0142\u0119du i powiedzie\u0107 \u201eno, pomylili\u015bmy si\u0119, serialu nie b\u0119dzie wtedy, gdy to zapowiadali\u015bmy, jeste\u015bmy winni wam wyja\u015bnienia i przeprosiny\u201d, bawiono si\u0119 w przestawianie dat, zapominaj\u0105c o poprzednich deklaracjach. Tym razem jednak troch\u0119 by\u0142o wida\u0107 te\u017c, \u017ce mo\u017ce si\u0119 wystraszono si\u0142y fan\u00f3w, bo dos\u0142ownie godzin\u0119 p\u00f3\u017aniej pojawi\u0142 si\u0119 nowy komunikat:<\/p>\n\n\n\n<p><em>Wiemy, \u017ce redakcja stara si\u0119 o to, aby Kod Lyoko pojawi\u0142 si\u0119 na antenie teleTOON+, ale w wakacje na pewno si\u0119 nie uda.<\/em><\/p>\n\n\n\n<p>My oczywi\u015bcie wiedzieli\u015bmy, \u017ce Teletoon ju\u017c o nic nie musi si\u0119 stara\u0107, bo te prawa ma od paru miesi\u0119cy, o czym napisano w komunikacie przedstawianym ju\u017c kilka razy w tych wspomnieniach, ale ta nag\u0142a wypowied\u017a dawa\u0142a nam znak co do tego, jak rozplanowa\u0107 kolejne dzia\u0142ania. Je\u015bli w wakacje i tak nie by\u0142oby emisji, to mo\u017cna by\u0142o nieco odpu\u015bci\u0107 z pytaniami. Nie chodzi\u0142o o totalne zapomnienie sprawy, ale o przyj\u0119cie taktyki \u201ena przeczekanie\u201d \u2013 do mniej wi\u0119cej ko\u0144ca lipca raczej nie pyta\u0107, wracaj\u0105c do tematu w sierpniu, oczywi\u015bcie w dalszym ci\u0105gu pami\u0119taj\u0105c o ca\u0142ej sprawie, aby w razie potrzeby wyja\u015bni\u0107 j\u0105 na szybko, gdyby kto\u015b nowy si\u0119 dopytywa\u0142 na Facebooku albo w innych miejscach.<\/p>\n\n\n\n<p>Gdy w Polsce zajmowali\u015bmy si\u0119 kolejnymi wersjami w sprawie teletoo\u0144skiej, Francja podgrzewa\u0142a napi\u0119cie przed premier\u0105 ostatnich odcink\u00f3w. Na pocz\u0105tku czerwca mi\u0119dzynarod\u00f3wka wrzuci\u0142a oko\u0142o minutow\u0105 zapowied\u017a z\u0142o\u017con\u0105 z kilku scen pochodz\u0105cych z nieemitowanych jak dot\u0105d odcink\u00f3w. Wynika\u0142o z nich, \u017ce najprawdopodobniej jedna z najwi\u0119kszych tajemnic CL, czyli losy matki Aelity Schaeffer, mog\u0105 si\u0119 wyja\u015bni\u0107. Ma\u0142o tego \u2013 niekt\u00f3rzy sugerowali si\u0119 uj\u0119ciem z ko\u0144cowych sekund i s\u0105dzili, \u017ce powr\u00f3ci, nie w retrospekcjach, ale w czasie aktualnym fabu\u0142y, posta\u0107 Franza Hoppera, uznawanego za nie\u017cywego po 94 odcinku. W po\u0142owie miesi\u0105ca francuska telewizja publiczna og\u0142osi\u0142a, \u017ce na pocz\u0105tku wrze\u015bnia planowane jest wznowienie emisji premierowych odcink\u00f3w, nie deklarowano jednej dok\u0142adnej daty, m\u00f3wiono o 7 lub 14 wrze\u015bnia, to wynika\u0142o z tego, \u017ce nie w ka\u017cd\u0105 sobot\u0119 emitowano powt\u00f3rki i nie by\u0142o jasne, kiedy telewizja dobije do 18 odcinka (ostatniego, jaki zosta\u0142 pokazany w telewizji przed przerw\u0105). Jednocze\u015bnie prywatny Canal J, kt\u00f3ry wsp\u00f3\u0142pracowa\u0142 przy produkcji serialu, og\u0142osi\u0142 \u017ce r\u00f3wnie\u017c b\u0119dzie emitowa\u0107 Evolution, ale najpierw przypomni poprzednie serie.<\/p>\n\n\n\n<p>Wydawa\u0107 by si\u0119 mog\u0142o, \u017ce skoro jest sezon og\u00f3rkowy, to po tych wiadomo\u015bciach ju\u017c nic wi\u0119cej nie powinno si\u0119 pojawi\u0107 a\u017c do wrze\u015bnia. Wysz\u0142o jednak inaczej, lato 2013 by\u0142o bardzo obfite w wydarzenia.<\/p>\n\n\n\n<p>28 czerwca w wie\u015bciach fandomowych poinformowali\u015bmy o nieoczekiwanej sprawie. Podano do wiadomo\u015bci publicznej, \u017ce firma Moonscoop, kt\u00f3ra by\u0142a cz\u0119\u015bci\u0105 \u201ewielkiego Moonscoopa\u201d, a przed z\u0142\u0105czeniem w grup\u0119 z inn\u0105 firm\u0105 nazywa\u0142a si\u0119 Antefilms Productions (takie logo widnia\u0142o w pierwszej serii CL), za\u015b istnia\u0142a ju\u017c od 1984 roku, zosta\u0142a postawiona w stan upad\u0142o\u015bci. Pow\u00f3d by\u0142 do\u015b\u0107 prostu do przewidzenia \u2013 niewyp\u0142acalno\u015b\u0107 finansowa. O pewnych problemach z pieni\u0119dzmi zacz\u0119to m\u00f3wi\u0107 w momencie, gdy wyciek\u0142y informacje na temat konfliktu mi\u0119dzy MS a Norimage Studios, firm\u0105 odpowiedzialn\u0105 za cz\u0119\u015b\u0107 live-action. Jednak to jako\u015b uda\u0142o si\u0119 za\u0142agodzi\u0107. W momencie pojawienia si\u0119 tej depeszy nie by\u0142o jasne, jak wygl\u0105da sytuacja innych sp\u00f3\u0142ek \u201ewielkiego MS\u201d, takich jak Moonscoop Digital Media czy IP Moonscoop, jednak sama ta wie\u015b\u0107 wywo\u0142a\u0142a poruszenie w\u015br\u00f3d fan\u00f3w na ca\u0142ym \u015bwiecie, gdy\u017c praktycznie stawia\u0142o to pod wielkim znakiem zapytania przysz\u0142o\u015b\u0107 serialu.<\/p>\n\n\n\n<p>Ca\u0142kiem mo\u017cliwe, \u017ce te zdarzenia mog\u0142y mie\u0107 wp\u0142yw na to, co dzia\u0142o si\u0119 przy Japan Expo. W 2013 roku impreza zaplanowana na pierwszy weekend lipca w Pary\u017cu mia\u0142a a\u017c hucze\u0107 od event\u00f3w zwi\u0105zanych z serialem, Moonscoop pocz\u0105tkowo planowa\u0142 zrobienie kilku punkt\u00f3w programu wraz z redakcj\u0105 mi\u0119dzynarod\u00f3wki, by\u0142y w\u015br\u00f3d nich mi\u0119dzy innymi quiz wiedzy o serialu albo prezentacja fanowskich teledysk\u00f3w, okaza\u0142o si\u0119 jednak, \u017ce firma nie jest ju\u017c tym zbytnio zainteresowana, co mo\u017ce by\u0107 t\u0142umaczone w\u0142a\u015bnie k\u0142opotami finansowymi. Nie s\u0105dz\u0119, \u017ceby wtedy nagle si\u0119 firmie przestawa\u0142o op\u0142aca\u0107 wspieranie rzeczy, kt\u00f3re w du\u017cej mierze i tak robi\u0142a redakcja francuskiej strony, Moonscoop mia\u0142 tylko to przyklepa\u0107 i da\u0107 swoje logo. Oby\u0142o si\u0119 jednak bez pomocy korporacji, zorganizowano konkurs cosplayowy, za\u015b gwo\u017adziem programu okaza\u0142a si\u0119 wizyta Melanie Tran oraz Quentina Merabeta (notabene za\u0142atwiona tylko przez redakcj\u0119, Moonscoop nawet nie planowa\u0142 czego\u015b takiego). Pomimo tego, i\u017c sama Evolution mia\u0142a r\u00f3\u017cne recenzje i wzbudza\u0142a niekiedy skrajne emocje, to aktorzy tam wyst\u0119puj\u0105cy stali si\u0119 ulubie\u0144cami fandomu, co by\u0142o wida\u0107 po entuzjastycznych reakcjach w trakcie spotkania, jakie odby\u0142o si\u0119 ostatniego dnia konwentu. Jego przebieg opisa\u0142em kilka dni p\u00f3\u017aniej na stronie:<\/p>\n\n\n\n<p><em>Melanie i Quentin przybyli na miejsce ok. 14:30. Na pocz\u0105tek pozowali do pierwszych zdj\u0119\u0107 z fanami. Nast\u0119pnie otrzymali trudne zadanie: mieli wy\u0142oni\u0107 zwyci\u0119zc\u00f3w konkursu malarskiego, kt\u00f3ry odbywa\u0142 si\u0119 na festiwalu. Po og\u0142oszeniu laureat\u00f3w aktorzy byli dost\u0119pni dla wszystkich fan\u00f3w. Rozdawali autografy, rozmawiali z fanami, by\u0142o bardzo weso\u0142o, a aktorzy z u\u015bmiechem i \u017cyczliwo\u015bci\u0105 przyjmowali kolejne grupki Lyokofan\u00f3w. Z racji tego, \u017ce ludzi by\u0142o wi\u0119cej ni\u017c si\u0119 spodziewano, naraz mog\u0142y si\u0119 zobaczy\u0107 z aktorami 4 osoby. Z tego te\u017c powodu spotkanie si\u0119 przed\u0142u\u017cy\u0142o, ale pomimo zm\u0119czenia wszyscy byli zadowoleni: fani CL, gdy\u017c mogli zobaczy\u0107 swoich ulubie\u0144c\u00f3w na \u017cywo, oraz aktorzy. poniewa\u017c byli bardzo zaanga\u017cowani i zadowoleni z tego spotkania (12 lipca 2013)<\/em><\/p>\n\n\n\n<p>Zdarzenie, kt\u00f3re najbardziej poruszy\u0142o fandom podczas tych wakacji, mia\u0142o sw\u00f3j pocz\u0105tek \u2013 jak to cz\u0119sto by\u0142a \u2013 w niepozornej wiadomo\u015bci, jak\u0105 zamie\u015bcili\u015bmy w pierwszych dniach lipca:<\/p>\n\n\n\n<p><em>W\u0119gry b\u0119d\u0105 pierwszym krajem poza Francj\u0105, kt\u00f3ry wyemituje Code Lyoko: Evolution w telewizji. Emisja rozpocznie si\u0119 13 lipca, nie wiadomo czy obejmuje tylko te 18 odcink\u00f3w, kt\u00f3re zosta\u0142y ju\u017c pokazane na antenie France 4, czy r\u00f3wnie\u017c te odcinki, kt\u00f3rych jeszcze nie pokazano, ale prawdopodobnie stanie na tym pierwszym wariancie. (4 lipca 2013)<\/em><\/p>\n\n\n\n<p>Z punktu widzenia polskich fan\u00f3w nieco irytuj\u0105ce by\u0142o to, i\u017c W\u0119grzy dostan\u0105 CL:E w zasadzie bez \u017cadnej walki, do tego jako pierwsi, podczas gdy my nadal byli\u015bmy na etapie dobijania si\u0119 o serie animowane, za\u015b data premiery pi\u0105tej serii nie by\u0142a wci\u0105\u017c znana. Mieli\u015bmy te\u017c jednocze\u015bnie argument \u015bwiadcz\u0105cy o nieudolno\u015bci Teletoona, skoro takie W\u0119gry praktycznie od r\u0119ki sobie mog\u0105 serial pu\u015bci\u0107. Fandom we Francji natomiast by\u0142 skonfundowany. Wej\u015bcie serialu na zagraniczne rynki w 8 miesi\u0119cy po premierze telewizyjnej by\u0142o do\u015b\u0107 dobrym wynikiem (pami\u0119tajmy, to 2013 rok, nie ma jeszcze Netflix\u00f3w, HBO GO, Amazon\u00f3w, wi\u0119c poj\u0119cie premiery r\u00f3wnocze\u015bnie w 60 krajach \u015bwiata praktycznie na rynku telewizyjnym \u2013 poza chyba w\u0142a\u015bnie HBO, ale w formie kana\u0142u tradycyjnego \u2013 nie istnieje). Jednak wci\u0105\u017c nie wyemitowano wszystkich odcink\u00f3w. Zak\u0142adano do\u015b\u0107 logicznie, \u017ce skoro to serial francuski, to najpierw do ko\u0144ca zobacz\u0105 go widzowie w kraju, z kt\u00f3rego on pochodzi, za\u015b na W\u0119grzech wyemitowano by tylko te odcinki, kt\u00f3re ju\u017c s\u0105 znane. Niekt\u00f3rzy nawet m\u00f3wili o tym, \u017ce premiera b\u0119dzie si\u0119 tam odbywa\u0107 w dw\u00f3ch rzutach po 13 odcink\u00f3w, w\u0142a\u015bnie po to, by nieco przeczeka\u0107 i zaprezentowa\u0107 fina\u0142 serii ju\u017c po \u015bwiatowej premierze. Wysz\u0142o jednak co\u015b innego.<\/p>\n\n\n\n<p>Najpierw pojawi\u0142o si\u0119 nagranie zapowiedzi z kana\u0142u Megamax, kt\u00f3ry to mia\u0142 emitowa\u0107 CL:E na W\u0119grzech. Znalaz\u0142y si\u0119 tam fragmenty z odcink\u00f3w dot\u0105d nieemitowanych, co ju\u017c wzbudzi\u0142o pewn\u0105 podejrzliwo\u015b\u0107. Niejako w odpowiedzi na to francuska strona ujawni\u0142a tytu\u0142y odcink\u00f3w do 23 w\u0142\u0105cznie. Nast\u0119pnie okaza\u0142o si\u0119, \u017ce premiery b\u0119d\u0105 pokazywane tak\u017ce w Rumunii. Wynika\u0142o to z faktu, i\u017c Megamax by\u0142 kana\u0142em w zasadzie mi\u0119dzynarodowym, co oznacza\u0142o, \u017ce kupowane kresk\u00f3wki i seriale emitowano w kilku wersjach dla tych kraj\u00f3w, w kt\u00f3rych stacja nadawa\u0142a, czasem wr\u0119cz o tych samych godzinach, gdy\u017c ustalano jedn\u0105 ram\u00f3wk\u0119 dla wszystkich kraj\u00f3w. Nie by\u0142o to niczym dziwnym, bo tak\u017ce w Polsce mieli\u015bmy ca\u0142kiem sporo telewizji, kt\u00f3re dzia\u0142a\u0142y w ten spos\u00f3b, jak cho\u0107by filmowa Europa Europa, telenowelowa Romantica czy skierowany do kobiet Club. Niekiedy wychodzi\u0142y do\u015b\u0107 zabawne sytuacje, gdy zapomniano przepi\u0105\u0107 sygna\u0142 i \u015bcie\u017ck\u0119 d\u017awi\u0119kow\u0105. P\u00f3\u0142 biedy, je\u015bli sta\u0142o si\u0119 to podczas bloku reklamowego, wtedy mogli\u015bmy si\u0119 nauczy\u0107, \u017ce \u201enowo\u015b\u0107\u201d po rumu\u0144sku to \u201euj\u201d. Gorzej, jak takie wpadki wychodzi\u0142y w trakcie program\u00f3w i nagle bohaterka jednej z telenowel zacz\u0119\u0142a niezrozumiale gada\u0107. Najwi\u0119kszym zaskoczeniem w kwestii emisji by\u0142 jednak fakt, i\u017c Megamax zaplanowa\u0142 emisj\u0119 wszystkich odcink\u00f3w, tak\u017ce tych, kt\u00f3rych jeszcze nie widzieli\u015bmy, czyli od 20 do 26 (pami\u0119taj\u0105c, \u017ce odcinek 19 te\u017c premiery telewizyjnej nie mia\u0142, ale znali\u015bmy go dzi\u0119ki uprzejmo\u015bci pracownik\u00f3w Steve\u2019a Jobsa).<\/p>\n\n\n\n<p>W tym momencie Francuzi byli ju\u017c nieco zdziwieni. Wszystkie za\u0142o\u017cenia o tym, \u017ce je\u015bli serial poleci w wakacje poza granicami kraju, to raczej tylko do tego momentu, w kt\u00f3rym zawieszono premiery, posz\u0142y w \u0142eb, mo\u017ce poza jednym przypadkiem, o kt\u00f3rym by\u0142o nieco ciszej. W tym samym czasie emisj\u0119 rozpoczynaj\u0105c\u0105 si\u0119 19 lipca, ale w cyklu jednego odcinka na tydzie\u0144, zapowiedziano w Finlandii. Taki tryb pokazywania oznacza\u0142, \u017ce najprawdopodobniej fina\u0142 serii by\u0142by tam pokazany ju\u017c po premierze we Francji. Okazywa\u0142o si\u0119 jednak, \u017ce \u015bwiatowa premiera fina\u0142u sezonu tym razem b\u0119dzie mie\u0107 miejsce na W\u0119grzech i Rumunii. Ostatnie siedem odcink\u00f3w, kt\u00f3rych jeszcze publicznie nikt nie widzia\u0142, mia\u0142o by\u0107 zaprezentowanych od 27 lipca do 2 sierpnia. Jedno trzeba przyzna\u0107: nagrania pojawia\u0142y si\u0119 w sieci do\u015b\u0107 szybko, tyle tylko \u017ce z samej \u015bcie\u017cki dialogowej niewiele mo\u017cna by\u0142o wyci\u0105gn\u0105\u0107, je\u015bli si\u0119 nie rozumia\u0142o w\u0119gierskiego, a to jest jednak do\u015b\u0107 rzadki j\u0119zyk i niewielu fan\u00f3w poza W\u0119grami go zna. Troch\u0119 si\u0119 wyci\u0105ga\u0142o z om\u00f3wie\u0144 t\u0142umaczonych najpierw z w\u0119gierskiego na francuski, a potem z francuskiego na polski. Troch\u0119 te\u017c si\u0119 dowiadywali\u015bmy ze spoiler\u00f3w, kt\u00f3re publikowano na mi\u0119dzynarod\u00f3wce z adnotacj\u0105 \u201eprosimy nie komentowa\u0107\u201d (kt\u00f3r\u0105 to pro\u015bb\u0119 i tak \u0142amano). Napisy po francusku i angielsku pojawia\u0107 si\u0119 zacz\u0119\u0142y na pocz\u0105tku sierpnia. W tym czasie fani francuscy dzielili si\u0119 na dwie frakcje: ci, kt\u00f3rzy czekali na premier\u0119 w swojej telewizji i nie ogl\u0105dali nagra\u0144 w internecie, uznaj\u0105c \u017ce i tak zosta\u0142 g\u00f3ra miesi\u0105c, oraz ci, kt\u00f3rzy nie mogli si\u0119 ju\u017c doczeka\u0107 (albo te\u017c byli zirytowani tym, \u017ce jacy\u015b W\u0119grzy wcze\u015bniej od nich mog\u0105 sobie ogl\u0105da\u0107) i si\u0119gali po wersje z napisami, kt\u00f3re pojawia\u0142y si\u0119 z oko\u0142o tygodniowym op\u00f3\u017anieniem.<\/p>\n\n\n\n<p>W mi\u0119dzyczasie pojawi\u0142 si\u0119 jeszcze jeden element, je\u015bli sz\u0142o o polsk\u0105 walk\u0119 o emisj\u0119 CL:E. 15 lipca Teletoon poinformowa\u0142, \u017ce potwierdza emisj\u0119 pi\u0105tej serii w 2014 roku. W zasadzie nic nowego, bo ju\u017c dawno przestali\u015bmy mie\u0107 jakiekolwiek z\u0142udzenia, \u017ce co\u015b si\u0119 zmieni na nasz\u0105 korzy\u015b\u0107 w kr\u00f3tkim czasie. Inna sprawa, \u017ce tak jak na pocz\u0105tku roku uznawali\u015bmy, \u017ce kwiecie\u0144 2013 to cokolwiek do\u015b\u0107 pr\u0119dki termin na premier\u0119 serii, kt\u00f3ra nie by\u0142a jeszcze w ca\u0142o\u015bci wyemitowana w kraju pochodzenia, tak wydarzenia z wakacji pokazywa\u0142y, \u017ce jednak da si\u0119 tak zrobi\u0107. Wystarczy\u0142o tylko chcie\u0107. A to nie by\u0142 jeszcze koniec niespodzianek&#8230;<\/p>\n","protected":false},"excerpt":{"rendered":"<p>Na prze\u0142omie maja i czerwca po raz kolejny na facebookowym profilu Teletoona pojawi\u0142a si\u0119 dyskusja na temat obietnic oraz og\u00f3lnej kondycji stacji, do\u015b\u0107 sporo os\u00f3b si\u0119 w to w\u0142\u0105czy\u0142o, niekt\u00f3rzy okre\u015blali akcj\u0119 pisania post\u00f3w (dotycz\u0105cych nie tylko kwestii lyokowatej) \u201esprzeciwem wobec niesprawiedliwo\u015bci Teletoona\u201d. Wpis\u00f3w by\u0142o na tyle du\u017co, \u017ce redakcja telewizji nie mog\u0142a tego zlekcewa\u017cy\u0107, &hellip;<br \/><a href=\"https:\/\/kodlyoko.pl\/index.php\/artykuly\/redaktorskie\/wspomnienia-redaktora\/rozdzial-14-lato-bez-ogorkow-albo-jak-wkurzyc-francuzow\/\" class=\"more-link pen_button pen_element_default pen_icon_arrow_double\">Read more<\/a><\/p>\n","protected":false},"author":5,"featured_media":0,"parent":343,"menu_order":14,"comment_status":"open","ping_status":"closed","template":"","meta":{"footnotes":""},"categories":[24],"tags":[],"class_list":["post-375","page","type-page","status-publish","hentry","category-artykuly-wspomnienia-redaktora"],"_links":{"self":[{"href":"https:\/\/kodlyoko.pl\/index.php\/wp-json\/wp\/v2\/pages\/375","targetHints":{"allow":["GET"]}}],"collection":[{"href":"https:\/\/kodlyoko.pl\/index.php\/wp-json\/wp\/v2\/pages"}],"about":[{"href":"https:\/\/kodlyoko.pl\/index.php\/wp-json\/wp\/v2\/types\/page"}],"author":[{"embeddable":true,"href":"https:\/\/kodlyoko.pl\/index.php\/wp-json\/wp\/v2\/users\/5"}],"replies":[{"embeddable":true,"href":"https:\/\/kodlyoko.pl\/index.php\/wp-json\/wp\/v2\/comments?post=375"}],"version-history":[{"count":1,"href":"https:\/\/kodlyoko.pl\/index.php\/wp-json\/wp\/v2\/pages\/375\/revisions"}],"predecessor-version":[{"id":376,"href":"https:\/\/kodlyoko.pl\/index.php\/wp-json\/wp\/v2\/pages\/375\/revisions\/376"}],"up":[{"embeddable":true,"href":"https:\/\/kodlyoko.pl\/index.php\/wp-json\/wp\/v2\/pages\/343"}],"wp:attachment":[{"href":"https:\/\/kodlyoko.pl\/index.php\/wp-json\/wp\/v2\/media?parent=375"}],"wp:term":[{"taxonomy":"category","embeddable":true,"href":"https:\/\/kodlyoko.pl\/index.php\/wp-json\/wp\/v2\/categories?post=375"},{"taxonomy":"post_tag","embeddable":true,"href":"https:\/\/kodlyoko.pl\/index.php\/wp-json\/wp\/v2\/tags?post=375"}],"curies":[{"name":"wp","href":"https:\/\/api.w.org\/{rel}","templated":true}]}}