{"id":369,"date":"2021-04-14T15:58:21","date_gmt":"2021-04-14T15:58:21","guid":{"rendered":"http:\/\/kodlyoko.pl\/?page_id=369"},"modified":"2021-04-14T15:58:22","modified_gmt":"2021-04-14T15:58:22","slug":"rozdzial-11-lamanie-monopolu","status":"publish","type":"page","link":"https:\/\/kodlyoko.pl\/index.php\/artykuly\/redaktorskie\/wspomnienia-redaktora\/rozdzial-11-lamanie-monopolu\/","title":{"rendered":"Rozdzia\u0142 11 \u2013 \u0141amanie monopolu"},"content":{"rendered":"\n<p class=\"has-drop-cap\">Po nieco ponad miesi\u0105cu przerwy LyokoFM zapowiedzia\u0142o kolejn\u0105 audycj\u0119 na 5 kwietnia. Tak si\u0119 z\u0142o\u017cy\u0142o, \u017ce mog\u0142em jej wys\u0142ucha\u0107 praktycznie w ca\u0142o\u015bci na \u017cywo, a trwa\u0142a praktycznie 4 godziny. Jedno trzeba przyzna\u0107, by\u0142a do\u015b\u0107 r\u00f3\u017cnorodna, bo najpierw by\u0142o o Pyrkonie, potem o kolejnych odcinkach Evolution, wpleciono nawet kr\u00f3tki apel do \u201efrakcji pod przewodnictwem Jeremiego\u201d \u017ce to, i\u017c Teletoon b\u0119dzie emitowa\u0107 \u201eSmerfy\u201d to nic z\u0142ego, i \u017ce mamy cierpliwie czeka\u0107 a nie narzeka\u0107, \u017ce nas oszukuj\u0105 z tym, czy chc\u0105 pu\u015bci\u0107 CL, czy te\u017c nie. Nast\u0119pnie parodiowano \u201eMilioner\u00f3w\u201d (tylko czemu oni u\u017cyli czo\u0142\u00f3wki przerobionej, cho\u0107 oryginalna jest najlepsza). I w\u0142a\u015bnie podczas tej audycji wpad\u0142em na pewien pomys\u0142.<\/p>\n\n\n\n<p>Og\u00f3lnie fajnie, jest sobie LyokoFM, rozmawia si\u0119 o serialu, tyle \u017ce\u2026 na dobr\u0105 spraw\u0119 a\u017c tak wiele miejsca naszemu fandomowi tam nie po\u015bwi\u0119cano. Do tego program by\u0142 robiony tak, \u017ce skupiano si\u0119 nie tyle na przekazaniu s\u0142uchaczom informacji, a bardziej na przedstawieniu opinii. Po programie wiedzia\u0142e\u015b, co ca\u0142a ekipa mia\u0142a do powiedzenia w sprawie scenariusza 6 odcinka, ale nie us\u0142ysza\u0142e\u015b, je\u015bli nikt nie wspomnia\u0142, o tym co si\u0119 dzia\u0142o w fandomie. Dlatego zacz\u0105\u0142em my\u015ble\u0107 o stworzeniu swego rodzaju programu informacyjnego, ale w kt\u00f3rym te\u017c by\u0142by czas i miejsce na komentarze. Warunek by\u0142 jeden \u2013 program w ca\u0142o\u015bci po\u015bwi\u0119cano by na CL. \u017badnych om\u00f3wie\u0144 rzeczy niedotycz\u0105cych nas jako fandomu, \u017cadnych quiz\u00f3w, konkurs\u00f3w i tego typu ozdobnik\u00f3w. Pierwszym punktem by\u0142o wymy\u015blenie nazwy, najlepiej takiej, by po\u0142\u0105czy\u0107 w niej to, jaki charakter mia\u0142aby ta audycja mie\u0107 oraz fakt, \u017ce dotyczy ona Lyokofandomu. Wst\u0119pnie chodzi\u0142o mi co\u015b w stylu \u201eLyokoJournal\u201d &#8211; to drugie s\u0142owo mia\u0142o by\u0107 nawi\u0105zaniem do Francji, gdzie praktycznie wszystkie programy informacyjne okre\u015bla si\u0119 s\u0142owem \u201ejournal\u201d czyli \u201edziennik\u201d. By\u0142 nawet wariant, by mi\u0119dzy tymi s\u0142owami dawa\u0107 cyfr\u0119 7, tyle ile dni tygodnia. Ostatecznie jednak \u2013 a by\u0142o to 10 kwietnia, w \u015brod\u0119 \u2013 postanowi\u0142em nazwa\u0107 ten projekt jako \u201e7 dni w Lyoko\u201d. Tu z kolei nawi\u0105zywa\u0142em do popularnego w czasach mojego dzieci\u0144stwa magazynu o sprawach mi\u0119dzynarodowych \u201e7 dni \u015bwiat\u201d. Wszystko to jednak by\u0142o nadal w fazie koncepcyjnej, \u0142\u0105cznie z form\u0105 programu i tym, jak on b\u0119dzie wygl\u0105da\u0107. Wiedzia\u0142em, \u017ce najpewniej sk\u0142ada\u0107 si\u0119 on b\u0119dzie z dw\u00f3ch cz\u0119\u015bci: w pierwszej przedstawia\u0142bym ostatnie wiadomo\u015bci z fandomu, w drugiej albo co\u015b bym komentowa\u0142, albo omawia\u0142 jakie\u015b szersze tematy, takie jak paringi. Nie wiedzia\u0142em natomiast, kiedy mia\u0142bym z tym ruszy\u0107, my\u015bla\u0142em \u017ce to b\u0119dzie kolejny projekt od\u0142o\u017cony na czas nieokre\u015blony. Rzeczywisto\u015b\u0107 jednak mia\u0142a pokaza\u0107, \u017ce wyjdzie to nieco inaczej.<\/p>\n\n\n\n<p>Okazja do tego, aby zrealizowa\u0107 pierwsze wydanie, nadarzy\u0142a si\u0119 jednak do\u015b\u0107 szybko, jeszcze tego samego tygodnia. W sobotnie przedpo\u0142udnie, 13 kwietnia, co\u015b mnie nasz\u0142o, \u017ceby nagra\u0107 na praktycznym spontanie pierwsze wydanie. Mia\u0142em odpowiednie warunki, bo by\u0142em sam w domu, a nie lubi\u0119, gdy mi kto\u015b po mieszkaniu w trakcie nagrania chodzi. By\u0142o kilka godzin po emisji jednego z odcink\u00f3w, wi\u0119c co\u015b sobie o nim poczyta\u0142em, nie robi\u0142em jednak dok\u0142adnych przygotowa\u0144 do nagrania. Teraz, gdy rocznie realizuj\u0119 w ramach \u201eMedialnych\u201d ponad 50 wyda\u0144 g\u0142\u00f3wnego programu, do tego jeszcze dochodz\u0105 materia\u0142y do programu sportowego, a niekiedy nawet jego prowadzenie w zast\u0119pstwie, taki totalny spontan by\u0142by nie do pomy\u015blenia. Jednak wtedy wygl\u0105da\u0142o to nieco inaczej. Nie mia\u0142em profesjonalnego sprz\u0119tu, bo osobny mikrofon kupi\u0142em dopiero po 5 miesi\u0105cach od pierwszej audycji, wszystko wi\u0119c nagrywa\u0142em na mikrofon w laptopie. Przyj\u0105\u0142em zasad\u0119, \u017ce b\u0119d\u0119 to robi\u0107 jak najbardziej naturalnie, tak \u017ceby przypomina\u0142o to program na \u017cywo, a nie co\u015b, co by\u0142o wcze\u015bniej nagrane. Dlatego, poza pewnymi przypadkami, jak na przyk\u0142ad rejestracja wywiad\u00f3w do programu, nie stosowa\u0142em praktycznie monta\u017cu. Ca\u0142a postprodukcja ogranicza\u0142a si\u0119 do wstawienia czo\u0142\u00f3wki, ewentualnie innych materia\u0142\u00f3w w luki. Te z kolei nawet nie by\u0142y generowane komputerowo, co w spos\u00f3b naturalny. Po prostu na pocz\u0105tku nagrania, po formu\u0142ce wst\u0119pnej z dat\u0105 i numerem wydania, nie m\u00f3wi\u0142em nic przez 30 sekund. Co prawda potem niekt\u00f3rzy mi zarzucali to niezbyt profesjonalne podej\u015bcie, jednak uwa\u017ca\u0142em, \u017ce ten spos\u00f3b jest bardziej autentyczny. Owszem, mog\u0142em po ka\u017cdym nagraniu siedzie\u0107 nad nim kilka godzin, poprawiaj\u0105c, dogrywaj\u0105c, usuwaj\u0105c, zmieniaj\u0105c kolejno\u015b\u0107 w\u0105tk\u00f3w, ale po co? To by zabi\u0142o ca\u0142\u0105 autentyczno\u015b\u0107 programu, ca\u0142e wra\u017cenie, \u017ce s\u0142uchasz czego, co jest realizowane praktycznie na \u017cywo, a nie wyklepane i wyuczone. Nie m\u00f3wi\u0119 ju\u017c o tym, \u017ce zabiera\u0142oby to mn\u00f3stwo czasu, bo nagle by si\u0119 okaza\u0142o, \u017ce na 60 minut audycji jakie\u015b 40 chc\u0119 poprawia\u0107. W taki sam spos\u00f3b od 2016 roku realizuj\u0119 Medialnych i to si\u0119 sprawdza doskonale.<\/p>\n\n\n\n<p>Pierwsze wydanie, kt\u00f3re nagra\u0142em i opublikowa\u0142em 13 kwietnia, trwa\u0142o 16 minut. Tak naprawd\u0119 mia\u0142 to by\u0107 \u201epilot\u201d projektu, nie planowa\u0142em, \u017ce ono jednak potrwa ciut wi\u0119cej ni\u017c kwadrans (zreszt\u0105 nigdy nie planowa\u0142em z g\u00f3ry, ile ma trwa\u0107 dane wydanie). S\u0142uchaj\u0105c tego po prawie 7 latach, odczuwam, jak bardzo wtedy by\u0142 to spontan (a jak mi si\u0119 g\u0142os zmieni\u0142, o kurna\u2026). Pierwsz\u0105 wiadomo\u015bci\u0105 by\u0142a kwestia emisji 16 odcinka Ewolucji a tak\u017ce nietrzymanie si\u0119 ram\u00f3wki, tu pad\u0142o nawet ostrzejsze s\u0142owo, bo uzna\u0142em, \u017ce nie b\u0119d\u0119 cenzurowa\u0107 programu. Og\u00f3lnie jestem przeciwko cenzurze. To, co s\u0142ycha\u0107, i czego stara\u0142em si\u0119 trzyma\u0107, to za\u0142o\u017cenie, \u017ce ten program ma nie by\u0107 takim sztywnym przegl\u0105dem informacji, tylko czym\u015b prowadzonym, \u017ce tak to nazw\u0119, w r\u00f3\u017cnych stylach. Kiedy na powa\u017cnie, to na powa\u017cnie, ale kiedy mo\u017cna sobie po\u017cartowa\u0107, to lec\u0105 \u017carty. Sama cz\u0119\u015b\u0107 informacyjna trwa\u0142a w tym premierowym wydaniu 10 minut, ostatnie 6 po\u015bwi\u0119ci\u0142em na zapowied\u017a tak zwanej cz\u0119\u015bci publicystycznej i kilka s\u0142\u00f3w na temat tego, jak jest oceniany charakter Aelity w nowej serii. Nawet by\u0142o og\u0142oszenie \u017ce program b\u0119dzie publikowany na Wrzucie (ten serwis ju\u017c nie istnieje) i wspomnienie o marzeniach na temat kolejnej serii. Nagranie zmontowa\u0142em do\u015b\u0107 szybko, wrzuci\u0142em do sieci, zalinkowa\u0142em i czeka\u0142em na komentarze. Kilka os\u00f3b si\u0119 wypowiedzia\u0142o, program si\u0119 nawet spodoba\u0142, nie wychwytywano pewnych niedoci\u0105gni\u0119\u0107, kt\u00f3re ja teraz zauwa\u017cam przy ods\u0142uchiwaniu. Sam chyba nawet by\u0142em do\u015b\u0107 pewny, \u017ce chc\u0119 to kontynuowa\u0107 po tym wydaniu, gdy\u017c zapowiedzia\u0142em nast\u0119pne za tydzie\u0144.<\/p>\n\n\n\n<p>Na drugie wydanie trzeba by\u0142o poczeka\u0107 jednak tydzie\u0144 i jeden dzie\u0144, poniewa\u017c w planowanym terminie (20 kwietnia) nie mo\u017cna by\u0142o tego zrealizowa\u0107 z powodu nag\u0142ego remontu w domu. Na szcz\u0119\u015bcie uda\u0142o si\u0119 nagra\u0107 magazyn dzie\u0144 potem, wbrew przys\u0142owiu \u201eNiedzielna praca w g\u00f3wno si\u0119 obraca\u201d. Mia\u0142em ju\u017c czas na przygotowanie, co by\u0142o wida\u0107 po czasie trwania odcinka, trwa\u0142 on 44 minuty, po raz pierwszy w cz\u0119\u015bci informacyjnej (zajmuj\u0105ce prawie 18 minut) pojawi\u0142 si\u0119 w\u0105tek z Teletoonem, kt\u00f3ry jeszcze wielokrotnie mia\u0142 wype\u0142nia\u0107 wiele nast\u0119pnych wyda\u0144. Bogatsza by\u0142a te\u017c cz\u0119\u015b\u0107 publicystyczna, kt\u00f3r\u0105 po\u015bwi\u0119ci\u0142em Laurze, jej kwestia by\u0142a bardzo komentowana w fandomie w tym czasie. Program zdobywa\u0142 coraz wi\u0119ksz\u0105 popularno\u015b\u0107, jednak nied\u0142ugo mia\u0142o si\u0119 okaza\u0107, \u017ce nie wszystkim by\u0142o w smak to, \u017ce co\u015b takiego powsta\u0142o\u2026<\/p>\n","protected":false},"excerpt":{"rendered":"<p>Po nieco ponad miesi\u0105cu przerwy LyokoFM zapowiedzia\u0142o kolejn\u0105 audycj\u0119 na 5 kwietnia. Tak si\u0119 z\u0142o\u017cy\u0142o, \u017ce mog\u0142em jej wys\u0142ucha\u0107 praktycznie w ca\u0142o\u015bci na \u017cywo, a trwa\u0142a praktycznie 4 godziny. Jedno trzeba przyzna\u0107, by\u0142a do\u015b\u0107 r\u00f3\u017cnorodna, bo najpierw by\u0142o o Pyrkonie, potem o kolejnych odcinkach Evolution, wpleciono nawet kr\u00f3tki apel do \u201efrakcji pod przewodnictwem Jeremiego\u201d \u017ce &hellip;<br \/><a href=\"https:\/\/kodlyoko.pl\/index.php\/artykuly\/redaktorskie\/wspomnienia-redaktora\/rozdzial-11-lamanie-monopolu\/\" class=\"more-link pen_button pen_element_default pen_icon_arrow_double\">Read more<\/a><\/p>\n","protected":false},"author":5,"featured_media":0,"parent":343,"menu_order":11,"comment_status":"open","ping_status":"closed","template":"","meta":{"footnotes":""},"categories":[24],"tags":[],"class_list":["post-369","page","type-page","status-publish","hentry","category-artykuly-wspomnienia-redaktora"],"_links":{"self":[{"href":"https:\/\/kodlyoko.pl\/index.php\/wp-json\/wp\/v2\/pages\/369","targetHints":{"allow":["GET"]}}],"collection":[{"href":"https:\/\/kodlyoko.pl\/index.php\/wp-json\/wp\/v2\/pages"}],"about":[{"href":"https:\/\/kodlyoko.pl\/index.php\/wp-json\/wp\/v2\/types\/page"}],"author":[{"embeddable":true,"href":"https:\/\/kodlyoko.pl\/index.php\/wp-json\/wp\/v2\/users\/5"}],"replies":[{"embeddable":true,"href":"https:\/\/kodlyoko.pl\/index.php\/wp-json\/wp\/v2\/comments?post=369"}],"version-history":[{"count":1,"href":"https:\/\/kodlyoko.pl\/index.php\/wp-json\/wp\/v2\/pages\/369\/revisions"}],"predecessor-version":[{"id":370,"href":"https:\/\/kodlyoko.pl\/index.php\/wp-json\/wp\/v2\/pages\/369\/revisions\/370"}],"up":[{"embeddable":true,"href":"https:\/\/kodlyoko.pl\/index.php\/wp-json\/wp\/v2\/pages\/343"}],"wp:attachment":[{"href":"https:\/\/kodlyoko.pl\/index.php\/wp-json\/wp\/v2\/media?parent=369"}],"wp:term":[{"taxonomy":"category","embeddable":true,"href":"https:\/\/kodlyoko.pl\/index.php\/wp-json\/wp\/v2\/categories?post=369"},{"taxonomy":"post_tag","embeddable":true,"href":"https:\/\/kodlyoko.pl\/index.php\/wp-json\/wp\/v2\/tags?post=369"}],"curies":[{"name":"wp","href":"https:\/\/api.w.org\/{rel}","templated":true}]}}