{"id":3614,"date":"2023-04-08T19:54:32","date_gmt":"2023-04-08T18:54:32","guid":{"rendered":"https:\/\/kodlyoko.pl\/?page_id=3614"},"modified":"2023-04-08T19:54:33","modified_gmt":"2023-04-08T18:54:33","slug":"na-uslugach-narodu","status":"publish","type":"page","link":"https:\/\/kodlyoko.pl\/index.php\/artykuly\/opowiadania\/one-shoty\/na-uslugach-narodu\/","title":{"rendered":"Na us\u0142ugach narodu"},"content":{"rendered":"\n<p><strong>19.06.2005<\/strong><\/p>\n\n\n\n<p>Lato\u2026 ka\u017cdy w jakim\u015b stopniu cieszy si\u0119 z lata, co nie? Nikt jednak nie cieszy\u0142 si\u0119 tak bardzo ,jak nasz kochany nauczyciel WF-u\u2026<\/p>\n\n\n\n<p>Jim Morales, bo to o nim jest dzisiejsze opowiadanie, cieszy\u0142 si\u0119 jak dziecko z okazji ko\u0144cz\u0105cego si\u0119 kolejnego roku szkolnego w Akademii Kadic. Mo\u017ce i do ko\u0144ca zosta\u0142o jeszcze kilka dni ,ale Jim i tak postanowi\u0142 troch\u0119 po\u015bwi\u0119towa\u0107\u2026<\/p>\n\n\n\n<p>Zakupi\u0142 on w pobliskim sklepie takie rzeczy jak piwo (oczywi\u015bcie bezalkoholowe), troch\u0119 jego ulubionych orzeszk\u00f3w jak i specjalne wydanie \u201eStreet Fighting Kid 4\u201d a jako \u017ce by\u0142a to jego ulubiona seria o sztukach walki to nie m\u00f3g\u0142 oprze\u0107 si\u0119 takiej okazji!<\/p>\n\n\n\n<p>Po powrocie do swojej kanciapy za\u0142\u0105czy\u0142 telewizor i rozsiad\u0142 si\u0119 na swoim fotelu, zapomnia\u0142 jednak \u017ce musi w\u0142o\u017cy\u0107 kaset\u0119 do odtwarzacza&#8230; a kiedy ju\u017c to zrobi\u0142 wzi\u0105\u0142 si\u0119 za ogl\u0105danie.<\/p>\n\n\n\n<p><strong>KILKA GODZIN P\u00d3\u0179NIEJ\u2026<\/strong><\/p>\n\n\n\n<p>Zanim Jim si\u0119 obejrza\u0142 min\u0119\u0142o z kilka dobrych godzin. Praktycznie zd\u0105\u017cy\u0142 ju\u017c min\u0105\u0107 ca\u0142y dzie\u0144! A nie zgadniecie co w tym czasie robi\u0142 nasz Jimbo\u2026<\/p>\n\n\n\n<p>SPA\u0141! Nawet nie obejrza\u0142 ca\u0142ego filmu! Zasn\u0105\u0142 przy jakie\u015b 35 minucie\u2026 Mo\u017ce te piwo mia\u0142o w sobie jednak jakie\u015b procenty?<\/p>\n\n\n\n<p>Po chwili kto\u015b zapuka\u0142 do kanciapy Jima i to od razu go pobudzi\u0142o! Szybkim krokiem podszed\u0142 do drzwi otwieraj\u0105c je\u2026 I ku jego zdziwieniu by\u0142 to sam Odd Della Robbia.<\/p>\n\n\n\n<p>&#8211; Della Robbia? Co ty tutaj robisz o tej godzinie? \u2013 pyta zdziwiony<\/p>\n\n\n\n<p>&#8211; Ummm\u2026 Bo wiesz, mia\u0142e\u015b mie\u0107 z nami W-F\u2026 &#8211; odpowiada mu on spogl\u0105daj\u0105c na ba\u0142agan w kanciapie.<\/p>\n\n\n\n<p>&#8211; \u2026 &#8211; &nbsp;Morales\u2019owi oficjalnie zawiesi\u0142 si\u0119 m\u00f3zg. Nic a nic nie powiedzia\u0142 przez par\u0119 \u0142adnych minut, Della Robbia zd\u0105\u017cy\u0142 nawet p\u00f3j\u015b\u0107 do \u0142azienki zanim ten co\u015b z siebie wycisn\u0105\u0142.<\/p>\n\n\n\n<p>&#8211; Oj\u2026 Chyba go zepsu\u0142em. \u2013 m\u00f3wi prze\u015bmiewczo blondas oddalaj\u0105c si\u0119 z miejsca\u00a0 zdarzenia.<\/p>\n\n\n\n<p>A Morales sta\u0142 tak dalej i dalej i dalej\u2026 Dop\u00f3ki chyba sam si\u0119 nie zrestartowa\u0142 i niczym sportowe auto wybieg\u0142 z kanciapy chwytaj\u0105c swoj\u0105 czerwon\u0105 kurtk\u0119 w ostatniej chwili.<\/p>\n\n\n\n<p>A dok\u0105d tak p\u0119dzi? NA ZAJ\u0118CIA, A GDZIE! Jim mo\u017ce si\u0119 taki nie wydawa\u0107 ale nigdy nie opu\u015bci ani jednej swojej lekcji, no chyba \u017ce jest chory albo kontuzjowany. Wr\u00f3\u0107my jednak do naszej historii, ot\u00f3\u017c nasz Flash dotar\u0142 na czas bo akurat wszyscy chcieli ucieka\u0107 z zaj\u0119\u0107.<\/p>\n\n\n\n<p>&#8211; A WY GDZIE?! \u2013 powiedzia\u0142 oburzony wuefista.<\/p>\n\n\n\n<p>Po tym jak\u017ce pi\u0119knym krzyku wszyscy ustawili si\u0119 na zbi\u00f3rk\u0119<\/p>\n\n\n\n<p>&#8211; No dobra\u2026 Umm Poliakoff?<\/p>\n\n\n\n<p>&#8211; Jestem!<\/p>\n\n\n\n<p>&#8211; Belpois?<\/p>\n\n\n\n<p>&#8211; Obecny!<\/p>\n\n\n\n<p>&#8211; Stern?<\/p>\n\n\n\n<p>&#8211; Jestem, jestem.<\/p>\n\n\n\n<p>&#8211; Morales?<\/p>\n\n\n\n<p>Ca\u0142\u0105 klas\u0119 zamurowa\u0142o\u2026 Nigdy nie by\u0142o takiej sytuacji \u017ce Jim wyczyta\u0142 sam siebie\u2026 mo\u017ce co\u015b mu w tym pomog\u0142o\u2026? Ale oczywi\u015bcie wszyscy musieli si\u0119 troch\u0119 za\u015bmia\u0107 bo kto by utrzyma\u0142 tak\u0105 dawk\u0119 \u015bmiechu?&nbsp;&nbsp;&nbsp;&nbsp;<\/p>\n\n\n\n<p>&#8211; CO WAS TAK \u015aMIESZY? \u2013 powiedzia\u0142 bardzo wkurzony.<\/p>\n\n\n\n<p>&#8211; Chyba komu\u015b \u017cy\u0142ka zaraz p\u0119knie\u2026 &#8211; szepn\u0105\u0142 Odd do Ulrich\u2019a<\/p>\n\n\n\n<p>&#8211; CO \u017bE\u015a POWIEDZIA\u0141?! \u2013 krzykn\u0105\u0142 Jim podchodz\u0105c do Della Robbi.<\/p>\n\n\n\n<p>&#8211; JIM, ZAMKNIJ SI\u0118 DO CHOLERY JASNEJ! \u2013 odpowiedzia\u0142a krzycz\u0105ca do wuefisty Susanne Hertz.<\/p>\n\n\n\n<p>Mo\u017cna powiedzie\u0107 \u017ce Jimowi zrobi\u0142o si\u0119 g\u0142upio ,ale zarazem by\u0142 spe\u0142niony. Poniewa\u017c pierwszy raz zobaczy\u0142 gniew Susanne! Mo\u017ce sam to wywo\u0142a\u0142 ale by\u0142o warto &#8211; pomy\u015bla\u0142.<\/p>\n\n\n\n<p>&#8211; Dobra, reszt\u0119 mam gdzie\u015b! Przygotujcie sprz\u0119t do skoku przez tyczk\u0119!<\/p>\n\n\n\n<p>&#8211; Ale Jim\u2026 &#8211; powiedzia\u0142a z zak\u0142opotaniem Aelita<\/p>\n\n\n\n<p>&#8211; Hmmm\u2026?<\/p>\n\n\n\n<p>&#8211; Sprz\u0119tu nie ma, sam go wczoraj zepsu\u0142e\u015b i kaza\u0142e\u015b wyrzuci\u0107 na \u015bmieci.<\/p>\n\n\n\n<p>&#8211; Doprawdy? A co z koz\u0142em?<\/p>\n\n\n\n<p>&#8211; Go te\u017c nie ma! \u2013 wci\u0105\u0142 si\u0119 Poliakoff<\/p>\n\n\n\n<p>&#8211; Chryste Panie, a\u017c si\u0119 boje co si\u0119 z nim sta\u0142o\u2026 &#8211; rzek\u0142 do siebie troch\u0119 smutny Jimbo.<\/p>\n\n\n\n<p>Po chwili na boisko przyszed\u0142 sam Jean-Pierre Delmas.<\/p>\n\n\n\n<p>&#8211; Jim\u2026?<\/p>\n\n\n\n<p>&#8211; O Pan Delmas?! O co chodzi?<\/p>\n\n\n\n<p>&#8211; Nie pami\u0119tasz? Dzi\u015b ta klasa ma pomaga\u0107 w organizowaniu sali do wybor\u00f3w. WI\u0118C ZBIERAJCI\u0118 SI\u0118!<\/p>\n\n\n\n<p>Ca\u0142a klasa s\u0142ysz\u0105c g\u0142os dyrektora natychmiast posz\u0142a si\u0119 przebra\u0107.<\/p>\n\n\n\n<p>&#8211; Ale niech pan poczeka!&nbsp; Nawet nie zd\u0105\u017cyli\u015bmy nic zro-<\/p>\n\n\n\n<p>&#8211; Nie obchodzi mnie to Jim! Byli\u015bmy um\u00f3wieni, a to \u017ce przez twoje imprezowanie o tym zapomnia\u0142e\u015b to nie moja wina!<\/p>\n\n\n\n<p>&#8211; Ale\u2026<\/p>\n\n\n\n<p>&#8211; Nawet si\u0119 nie t\u0142umacz\u2026 Twoje chrapanie by\u0142o s\u0142ycha\u0107 nawet przez zamkni\u0119te drzwi! Wiem \u017ce nied\u0142ugo koniec roku, ale musisz pracowa\u0107 Jim!<\/p>\n\n\n\n<p>Kiedy Delmas dalej prawi\u0142 mora\u0142y, Jimowi nagle co\u015b odwali\u0142o\u2026<\/p>\n\n\n\n<p>&#8211; Wiesz co ci powiem Jean-Pierre? Ja mam to kurwa gdzie\u015b! To wszystko przez tych g\u0142upich prezydent\u00f3w!!! Gdybym to ja nim by\u0142 Francja by\u0142aby niczym ZSRR!<\/p>\n\n\n\n<p>&#8211; O czym ty m\u00f3wisz?<\/p>\n\n\n\n<p>&#8211; Wola\u0142bym o tym nie m\u00f3wi\u0107! Ale Francja potrzebuje reform! I to du\u017cych, nie m\u00f3wi\u0105c \u017ce naszej szkole brakuje sprz\u0119tu to jeszcze mam sobie zrobi\u0107 wolne kiedy moi uczniowie zostali mi odebrani?<\/p>\n\n\n\n<p>&#8211; Ale\u2026<\/p>\n\n\n\n<p>&#8211; \u017bADNYCH ALE, JEAN-PIERRE! MAM TEGO SERDECZNIE DO\u015a\u0106, WYNOSZ\u0118 SI\u0118 Z TEGO KRAJU! BO TUTAJ KA\u017bDY PREZYDENT B\u0118DZIE I TAK CHUJOWY. TY TO WIESZ I JA TO WIEM ,WI\u0118C MO\u017bESZ SOBIE SZUKA\u0106 NOWEGO NAUCZYCIELA WYCHOWANIA FIZYCZNEGO! \u2013 powiedzia\u0142 Morales odchodz\u0105c szybkim krokiem w kierunku budynku gdzie ma swoj\u0105 kanciap\u0119.<\/p>\n\n\n\n<p>Delmasowi, tak jak Jimowi zlagowa\u0142 m\u00f3zg. Nadal nie wierzy co si\u0119 w tym momencie sta\u0142o, ale chyba faktycznie b\u0119dzie musia\u0142 szuka\u0107 nowego wuefisty\u2026<\/p>\n\n\n\n<p><strong>NAZAJUTRZ\u2026<\/strong> &nbsp;&nbsp;&nbsp;<\/p>\n\n\n\n<p>Jim\u00a0 po wczorajszych wydarzeniach nie zdo\u0142a\u0142 zmru\u017cy\u0107 oka, my\u015bla\u0142 tylko, \u017ce to wszystko przez te g\u0142upie wybory, a gdyby to on dosta\u0142 szans\u0119 wszystko zmieni\u0142o by si\u0119 na lepsze! Przynajmniej tak sobie wmawia\u0142\u2026<\/p>\n\n\n\n<p>Wybi\u0142a godzina \u00f3sma a s\u0142o\u0144ce mimo \u017ce dopiero wsta\u0142o \u015bwieci\u0142o tak mocno jak si\u0119 da, kiedy nagle do Jim\u2019a zadzwoni\u0142 telefon.<\/p>\n\n\n\n<p>&#8211; Halo? \u2013 m\u00f3wi odbieraj\u0105cy telefon Morales<\/p>\n\n\n\n<p>&#8211; Jim? Przyjd\u017a do mojego biura, masz go\u015bci. \u2013 opowiada mu Delmas<\/p>\n\n\n\n<p>&#8211; \u2026\u017be co?<\/p>\n\n\n\n<p>&#8211; S\u0142ysza\u0142e\u015b. Przyjd\u017a tu natychmiast \u2013 powiedzia\u0142 Delmas roz\u0142\u0105czaj\u0105c si\u0119.<\/p>\n\n\n\n<p>Jim mo\u017ce by\u0142 lekko w szoku, bo my\u015bla\u0142 \u017ce od razu zostanie wylany, nic bardziej mylnego. Nasz wuefista pomimo lekkiego stresu wsta\u0142, ubra\u0142 si\u0119 i wyszed\u0142 ze swojej kanciapy. Po drodze min\u0105\u0142 kilku swoich uczni\u00f3w takich jak Stern, Belpois czy Della Robbia, i ku jego zdziwieniu ka\u017cdy z nich patrzy\u0142 na niego z\u2026 podziwem? Jakby co\u015b mu si\u0119 w ko\u0144cu uda\u0142o, ale sam nie wiedzia\u0142 o co chodzi.<\/p>\n\n\n\n<p>Po do\u015b\u0107 kr\u00f3tkiej podr\u00f3\u017cy dotar\u0142 do gabinetu i\u2026 nie by\u0142o sekretarki? Co\u015b naprawd\u0119 dziwnego zacz\u0119\u0142o si\u0119 dzia\u0107 i sam Jim to zauwa\u017cy\u0142, ale nie mia\u0142 nic do stracenia i otworzy\u0142 drzwi od gabinetu Delmasa.<\/p>\n\n\n\n<p>Kiedy je otworzy\u0142 zobaczy\u0142 tam dw\u00f3ch m\u0119\u017cczyzn w garniturach, Delmasa i jego sekretark\u0119 jak i\u2026 sam Dominique de Villepin?! &nbsp;Tak, dok\u0142adnie ten\u2026 Ale co robi\u0142 w Akademii Kadic?<\/p>\n\n\n\n<p>&#8211; Pan Morales? \u2013 Zapyta\u0142 Pan Premier<\/p>\n\n\n\n<p>&#8211; Ummm\u2026 Tak? \u2013 Odpowiedzia\u0142<\/p>\n\n\n\n<p>&#8211; W takim, witam Pana\u2026 Prezydenta<\/p>\n\n\n\n<p>&#8211; \u2026<\/p>\n\n\n\n<p>Jim\u2026 Jim zrobi\u0142 si\u0119 blady i o ma\u0142o co nie zemdla\u0142\u2026<\/p>\n\n\n\n<p>&#8211; C-Co P-Pan P-Premier P-Powiedzia\u0142? \u2013 Wyj\u0105ka\u0142<\/p>\n\n\n\n<p>&#8211; Powiem to jak najpro\u015bciej si\u0119 da, zosta\u0142 Pan nowym prezydentem Francji.<\/p>\n\n\n\n<p>&#8211; \u017be\u2026 CO?! \u2013 Powiedzia\u0142 Jim od razu mdlej\u0105c.<\/p>\n\n\n\n<p>Ta nowina chyba za bardzo go przeros\u0142a\u2026 A jednak czekajcie\u2026 Ufff \u017cyje i w\u0142a\u015bnie si\u0119 podnosi.<\/p>\n\n\n\n<p>&#8211; Czy\u2026 Czy to by\u0142 sen?<\/p>\n\n\n\n<p>&#8211; Nie tym razem Panie Prezydencie. \u2013 M\u00f3wi podaj\u0105c mu r\u0119k\u0119.<\/p>\n\n\n\n<p>Jim nie wiedzia\u0142 co powiedzie\u0107 ani co my\u015ble\u0107\u2026 To na pewno musi by\u0107 sen co nie?<\/p>\n\n\n\n<p>Ot\u00f3\u017c nie tym razem\u2026<\/p>\n\n\n\n<p><strong>KILKA DNI P\u00d3\u0179NIEJ\u2026<\/strong><\/p>\n\n\n\n<p>Kilka dni po tej jak\u017ce wspania\u0142ej nowinie, Jim zd\u0105\u017cy\u0142 to przemy\u015ble\u0107 i stwierdzi\u0142 \u017ce to nie jest sen mimo \u017ce nie wie jakim cudem akurat on zosta\u0142 prezydentem\u2026 Ale na razie mia\u0142 to gdzie\u015b, bo akurat w tego dnia mia\u0142a przyjecha\u0107 limuzyna kt\u00f3ra mia\u0142a go zabra\u0107 do jego pa\u0142acu prezydenckiego.<\/p>\n\n\n\n<p>O, a co tam jedzie? Tak to ta limuzyna &#8211; pomy\u015bla\u0142. I kiedy podjecha\u0142a pod Akademi\u0119, Jim by\u0142 gotowy i od razu kiedy szofer otworzy\u0142 mu drzwi wsiad\u0142 do limuzyny i odjecha\u0142 w sin\u0105 dal.<\/p>\n\n\n\n<p>&#8211; I jak si\u0119 panu podoba? \u2013 Pyta Szofer<\/p>\n\n\n\n<p>&#8211; Jest w porz\u0105dku\u2026 A za ile b\u0119dziemy?<\/p>\n\n\n\n<p>&#8211; Za kilka minut Panie Prezydencie.<\/p>\n\n\n\n<p>&#8211; Prezydencie\u2026 &#8211; Pomy\u015bla\u0142<\/p>\n\n\n\n<p>&#8211; Czyli jednak B\u00f3g mnie wys\u0142ucha\u0142? TO SI\u0118 NAZYWA ODJAZD! &nbsp;&nbsp;&nbsp;&nbsp;&nbsp;&nbsp;&nbsp;&nbsp;&nbsp;&nbsp;&nbsp;&nbsp;&nbsp;&nbsp;&nbsp;&nbsp;&nbsp;&nbsp;&nbsp;&nbsp;&nbsp;&nbsp;&nbsp;&nbsp;&nbsp;&nbsp;&nbsp;&nbsp;&nbsp;&nbsp;&nbsp;&nbsp;&nbsp;&nbsp;&nbsp;&nbsp;&nbsp;&nbsp;&nbsp;&nbsp;&nbsp;&nbsp;&nbsp;&nbsp;&nbsp;&nbsp;&nbsp;&nbsp;&nbsp;&nbsp;&nbsp;&nbsp;&nbsp;&nbsp;&nbsp;&nbsp;&nbsp;&nbsp;&nbsp;&nbsp;&nbsp;&nbsp;&nbsp;&nbsp;&nbsp;&nbsp;&nbsp;&nbsp;&nbsp;&nbsp;&nbsp;&nbsp;&nbsp;&nbsp;&nbsp;&nbsp;&nbsp;&nbsp;&nbsp;&nbsp;&nbsp;&nbsp;&nbsp;&nbsp;&nbsp;&nbsp;&nbsp;&nbsp;&nbsp;&nbsp;&nbsp;&nbsp;&nbsp;&nbsp;&nbsp;&nbsp;&nbsp;&nbsp;&nbsp;&nbsp;&nbsp;&nbsp;&nbsp;&nbsp;&nbsp;&nbsp;&nbsp;&nbsp;&nbsp;&nbsp;&nbsp;&nbsp;&nbsp;&nbsp;&nbsp;&nbsp;&nbsp;&nbsp;&nbsp;&nbsp;&nbsp;&nbsp;&nbsp;&nbsp;&nbsp;&nbsp;&nbsp;&nbsp;&nbsp;&nbsp;&nbsp;&nbsp;&nbsp;&nbsp;&nbsp;&nbsp;&nbsp;&nbsp;<\/p>\n\n\n\n<p>Przez pozosta\u0142\u0105 drog\u0119 nasz Jimbo siedzia\u0142 tylko z u\u015bmiechem na twarzy my\u015bl\u0105c o tym co on w tej Francji nie zrobi\u2026<\/p>\n\n\n\n<p>I\u2026 Dotarli! Kto by pomy\u015bla\u0142 \u017ce nasz nauczyciel WF-u stanie przed pa\u0142acem prezydenckim? Przy wej\u015bciu zosta\u0142 powitany przez swoich ochroniarzy i zosta\u0142 zaprowadzony do swojego nowego biura<\/p>\n\n\n\n<p>Sam pa\u0142ac by\u0142 bardzo zadbany, jak to na pa\u0142ac przysta\u0142o! Wsz\u0119dzie porz\u0105dek, flagi, normalnie \u017cy\u0107 nie umiera\u0107!<\/p>\n\n\n\n<p>W tym czasie Jim dotar\u0142 ju\u017c do biura i zosta\u0142 przywitany przez premiera<\/p>\n\n\n\n<p>&#8211; Tak\u017ce\u2026 Panie Prezydencie\u2026 Prosz\u0119 czu\u0107 si\u0119 jak u siebie.<\/p>\n\n\n\n<p>&#8211; No dobrze.. A m\u00f3g\u0142bym o co\u015b spyta\u0107<\/p>\n\n\n\n<p>&#8211; Oczywi\u015bcie \u2013 Odpowiedzia\u0142<\/p>\n\n\n\n<p>&#8211; Co si\u0119 sta\u0142o \u017ce starego prezydenta nie ma? I dlaczego akurat ja zosta\u0142em wybrany na nowego?<\/p>\n\n\n\n<p>&#8211; C\u00f3\u017c sami nie wiemy. Ale Pan zosta\u0142 wybrany ze wzgl\u0119du na\u2026po\u0142\u0105czenie genetyczne ze starym prezydentem\u2026<\/p>\n\n\n\n<p>&#8211; Serio?! Znaczy\u2026 Doprawdy? \u2013 Powiedzia\u0142 uspokajaj\u0105c ton.<\/p>\n\n\n\n<p>&#8211; No to wskazuj\u0105 badania \u2013 M\u00f3wi podaj\u0105c mu teczk\u0119 i wychodz\u0105c z biura.<\/p>\n\n\n\n<p>Jim od razu otworzy\u0142 teczk\u0119 i zacz\u0105\u0142 czyta\u0107 znajduj\u0105ce si\u0119 w niej dokumenty, okazuje si\u0119 \u017ce Jacques Chirac czyli by\u0142y Prezydent Francji mia\u0142 na drugie nazwisko Morales\u2026<\/p>\n\n\n\n<p>Ale jak to jest mo\u017cliwe? Jim zadawa\u0142 sobie to pytanie do\u015b\u0107 d\u0142ugo dop\u00f3ki nie przestudiowa\u0142 ca\u0142ej teczki i po logicznym pomy\u015bleniu\u2026 Nic nie wydedukowa\u0142, by\u0142o to dla niego zbyt ci\u0119\u017ckie do przeanalizowania, ale jako\u015b musia\u0142 z tym \u017cy\u0107 jak i z nowym obowi\u0105zkiem.<\/p>\n\n\n\n<p>Po do\u015b\u0107 d\u0142ugim czasie Jim w ko\u0144cu zabra\u0142 si\u0119 za swoje obowi\u0105zki prezydenckie takie jak utrzymanie bezpiecze\u0144stwa w kraju czy\u2026 WPROWADZENIE REFORM PA\u0143STWOWYCH! Jim dok\u0142adnie na to czeka\u0142, w ko\u0144cu m\u00f3g\u0142 wprowadzi\u0107 troch\u0119 nowych pomys\u0142\u00f3w kt\u00f3re na 100% ulepsz\u0105 Francj\u0119\u2026 Prawda?<\/p>\n\n\n\n<p><strong>20.08.2005<\/strong><\/p>\n\n\n\n<p>Min\u0119\u0142y dwa miesi\u0105ce od kadencji naszego wuefisty i\u2026 nikt nie spodziewa\u0142 si\u0119 \u017ce dwa miesi\u0105ce to wystarczaj\u0105co czasu \u017ceby doszcz\u0119tnie zmieni\u0107 kraj. Ot\u00f3\u017c nasz Jim postanowi\u0142 zreformowa\u0107 troch\u0119 rzeczy i\u2026 mo\u017ce po prostu wymieni\u0119 i opisz\u0119 niekt\u00f3re z nich, okej?<\/p>\n\n\n\n<p>Pierwszym z jego pomys\u0142\u00f3w by\u0142o zreformowanie edukacji: ta reforma skupia\u0142a si\u0119 szczeg\u00f3lnie wok\u00f3\u0142 wychowania fizycznego, dok\u0142adniej to dofinansowa\u0142 sprz\u0119t dla wszelakich szk\u00f3\u0142 a zniszczenie go, czy to przypadkiem czy nie, by\u0142o karane pozbawieniem wolno\u015bci na jakie\u015b 6 miesi\u0119cy\u2026 fajnie nie? A je\u015bli chodzi o inne przedmioty to\u2026 Usun\u0105\u0142 niekt\u00f3re z nich np. fizyk\u0119 czy matematyk\u0119, po prostu uwa\u017ca\u0142 \u017ce jak one mu si\u0119 w \u017cyciu nie przyda\u0142y to czy komu\u015b s\u0105 one potrzebne?<\/p>\n\n\n\n<p>Drugim z jego wspania\u0142ych pomys\u0142\u00f3w by\u0142o zwi\u0119kszenie zarobk\u00f3w tych, kt\u00f3rzy pracuj\u0105 za najni\u017csz\u0105 krajow\u0105. I pewnie my\u015blicie, &#8220;wow ale fajnie musi tam teraz by\u0107&#8221;! Nic bardziej mylnego\u2026 Ot\u00f3\u017c wyd\u0142u\u017cy\u0142 on te\u017c czas pracy, zamiast 10 godzin, we Francji pracowali teraz do 15-17 godzin dziennie. I mo\u017ce Jim tego nie przemy\u015bla\u0142 i mo\u017ce sko\u0144czy\u0142o si\u0119 to strajkami ale\u2026 Przynajmniej pieni\u0105dze si\u0119 zgadza\u0142y!<\/p>\n\n\n\n<p>Ostatnim z najwa\u017cniejszych jest chyba co\u015b czego obawiali\u015bmy si\u0119 kiedy Jim zosta\u0142 prezydentem\u2026 Ot\u00f3\u017c zreformowa\u0142 on calutkie francuskie wojsko i nie \u017ce ulepszy\u0142 uzbrojenie czy pojazdy bojowe, nie nie\u2026 ON TO ZAMIENI\u0141 W WALON\u0104 ARMI\u0118 DO PODBICIA \u015aWIATA! Nie wiadomo sk\u0105d i jak ale mia\u0142 pieni\u0105dze na przerobienie wszystkiego w bardziej nowoczesne no bo um\u00f3wmy si\u0119, kto widzia\u0142 karabiny strzelaj\u0105ce laserami w 2005 roku? I praktycznie tak Francja zaj\u0119\u0142a drugie miejsce na \u015bwiecie je\u015bli chodzi o militaryzacj\u0119 pomijaj\u0105c oczywi\u015bcie wszelkie zniszczenia przez wszelakie strajki czy wojny domowe\u2026 ale pewnego dnia wszystko nabra\u0142o innego koloru, jak my\u015blicie co m\u00f3g\u0142 planowa\u0107 Jim z tak\u0105 armi\u0105? Podb\u00f3j \u015bwiata? Zmienienie granic Francji? Oj nie nie ot\u00f3\u017c nasz wuefista\u2026 szykowa\u0142 si\u0119 na wielkie boom. Zamontowa\u0142 on w swoim biurze jeden czerwony przycisk\u2026 A do czego on s\u0142u\u017cy? Tu si\u0119 zaczynaj\u0105 schody, Jim sam zapomnia\u0142 po co on jest prawdopodobnie mia\u0142o to zwi\u0105zek z jaka\u015b bomb\u0105 atomow\u0105 kt\u00f3r\u0105 stworzyli Francuzi\u2026 Nazywa\u0142a si\u0119 chyba \u201eLittle Jimbo\u201d? Jako\u015b tak.<\/p>\n\n\n\n<p>I przyszed\u0142 ten dzie\u0144 ,1 wrze\u015bnia 2005 roku, zacz\u0105\u0142 si\u0119 nowy rok szkolny, ka\u017cdy powinien si\u0119 cieszy\u0107 i radowa\u0107 nie? Jednak ostatnie wydarzenie nie nale\u017ca\u0142y do najlepszych, a ten dzie\u0144 mia\u0142 przej\u015b\u0107 do historii tego \u015bwiata &#8211; by\u0142 to ten dzie\u0144 gdzie przycisk zostanie naci\u015bni\u0119ty, a Jim tylko zaciera\u0142 r\u0105czki w swoim biurze wypowiadaj\u0105c s\u0142owa: \u201eNO TO ZACZYNAMY ZABAW\u0118\u201d!<\/p>\n\n\n\n<p>Kiedy jego prawa r\u0119ka zbli\u017ca\u0142a si\u0119 do przycisku\u2026 Co\u015b zauwa\u017cy\u0142\u2026 By\u0142o bia\u0142e \u015bwiat\u0142o kt\u00f3re by\u0142o coraz bli\u017cej i BLI\u017bEJ! A\u017b W KO\u0143CU PUF!<\/p>\n\n\n\n<p>Wszystko znik\u0142o\u2026 I WR\u00d3CI\u0141O DO STANU SPRZED KILKU MIESI\u0118CY! Okaza\u0142o si\u0119 \u017ce to wszystko robota ma\u0142ego nicponia o imieniu XANA. Skurczybyk aktywowa\u0142 wie\u017ce w Lyoko kt\u00f3rej nikt nie zauwa\u017cy\u0142 przed 2 miesi\u0105ce\u2026 Planowa\u0142 on doprowadzi\u0107 Francj\u0119 do samo destrukcji, wtedy superkomputer przesta\u0142 by istnie\u0107 i m\u00f3g\u0142by na spokojnie rozwija\u0107 si\u0119 w sieci. Ale banda Wojownik\u00f3w Lyoko zawsze go powstrzyma! I tak by\u0142o te\u017c tym razem. A co sta\u0142o si\u0119 z Jimem, zapytacie? Nic specjalnego, biedak dalej uczy WF-u w Kadic, ale wszystkie wydarzenia zosta\u0142y mu w g\u0142owie\u2026 Jako sen oczywi\u015bcie i w sumie tak ko\u0144czy si\u0119 ta historia, Jim pozostaje Jimem a my jego uczniami\u2026 &#8211; powiedzia\u0142 Jeremy ko\u0144cz\u0105c i zapisuj\u0105c nowe wideo do jego dziennika.<\/p>\n\n\n\n<p><em>Autor: MrSmalec<\/em><\/p>\n\n\n\n<p><strong><em>[DISCLAIMER: TEKST INSPIROWANY BY\u0141 SERIALEM \u201eS\u0141UGA NARODU\u201d . WSZELKIE NIE\u015aCIS\u0141O\u015aCI NP. NIEKONKRETNA DATA WYBOR\u00d3W TO TYLKO I WY\u0141\u0104CZNIE WYMYS\u0141! WI\u0118C PROSZ\u0118 NIE BRA\u0106 TEGO NA POWA\u017bNIE, W KO\u0143CU TEKST JEST TYLKO W CELACH HUMORYSTYCZNYCH]<\/em><\/strong><\/p>\n","protected":false},"excerpt":{"rendered":"<p>19.06.2005 Lato\u2026 ka\u017cdy w jakim\u015b stopniu cieszy si\u0119 z lata, co nie? Nikt jednak nie cieszy\u0142 si\u0119 tak bardzo ,jak nasz kochany nauczyciel WF-u\u2026 Jim Morales, bo to o nim jest dzisiejsze opowiadanie, cieszy\u0142 si\u0119 jak dziecko z okazji ko\u0144cz\u0105cego si\u0119 kolejnego roku szkolnego w Akademii Kadic. Mo\u017ce i do ko\u0144ca zosta\u0142o jeszcze kilka dni &hellip;<br \/><a href=\"https:\/\/kodlyoko.pl\/index.php\/artykuly\/opowiadania\/one-shoty\/na-uslugach-narodu\/\" class=\"more-link pen_button pen_element_default pen_icon_arrow_double\">Read more<\/a><\/p>\n","protected":false},"author":5,"featured_media":0,"parent":1782,"menu_order":0,"comment_status":"open","ping_status":"closed","template":"","meta":{"footnotes":""},"categories":[45],"tags":[],"class_list":["post-3614","page","type-page","status-publish","hentry","category-artykuly-one-shoty"],"_links":{"self":[{"href":"https:\/\/kodlyoko.pl\/index.php\/wp-json\/wp\/v2\/pages\/3614","targetHints":{"allow":["GET"]}}],"collection":[{"href":"https:\/\/kodlyoko.pl\/index.php\/wp-json\/wp\/v2\/pages"}],"about":[{"href":"https:\/\/kodlyoko.pl\/index.php\/wp-json\/wp\/v2\/types\/page"}],"author":[{"embeddable":true,"href":"https:\/\/kodlyoko.pl\/index.php\/wp-json\/wp\/v2\/users\/5"}],"replies":[{"embeddable":true,"href":"https:\/\/kodlyoko.pl\/index.php\/wp-json\/wp\/v2\/comments?post=3614"}],"version-history":[{"count":1,"href":"https:\/\/kodlyoko.pl\/index.php\/wp-json\/wp\/v2\/pages\/3614\/revisions"}],"predecessor-version":[{"id":3615,"href":"https:\/\/kodlyoko.pl\/index.php\/wp-json\/wp\/v2\/pages\/3614\/revisions\/3615"}],"up":[{"embeddable":true,"href":"https:\/\/kodlyoko.pl\/index.php\/wp-json\/wp\/v2\/pages\/1782"}],"wp:attachment":[{"href":"https:\/\/kodlyoko.pl\/index.php\/wp-json\/wp\/v2\/media?parent=3614"}],"wp:term":[{"taxonomy":"category","embeddable":true,"href":"https:\/\/kodlyoko.pl\/index.php\/wp-json\/wp\/v2\/categories?post=3614"},{"taxonomy":"post_tag","embeddable":true,"href":"https:\/\/kodlyoko.pl\/index.php\/wp-json\/wp\/v2\/tags?post=3614"}],"curies":[{"name":"wp","href":"https:\/\/api.w.org\/{rel}","templated":true}]}}