{"id":270,"date":"2021-04-13T15:34:20","date_gmt":"2021-04-13T15:34:20","guid":{"rendered":"http:\/\/kodlyoko.pl\/?page_id=270"},"modified":"2021-04-13T15:34:21","modified_gmt":"2021-04-13T15:34:21","slug":"rozdzial-24","status":"publish","type":"page","link":"https:\/\/kodlyoko.pl\/index.php\/artykuly\/opowiadania\/serie\/bez-lyoko-czyli-zycie-tylko-w-realu\/rozdzial-24\/","title":{"rendered":"Rozdzia\u0142 24"},"content":{"rendered":"\n<p class=\"has-drop-cap\">Nadesz\u0142a sobota. Dla babci Ulricha by\u0142 to dzie\u0144 sportowy. Trwa\u0142 puchar \u015bwiata w skokach narciarskich, a starsza pani \u015bledzi\u0142a poczynania polskich zawodnik\u00f3w ju\u017c wtedy, gdy jedynym licz\u0105cym si\u0119 skoczkiem z or\u0142em na piersi by\u0142 Adam Ma\u0142ysz. Obecnie powody do rado\u015bci dawa\u0142o wi\u0119cej sportowc\u00f3w. Nic dziwnego, \u017ce babcia czeka\u0142a na ka\u017cdy weekend ze skoczkami i \u015bledzi\u0142a ka\u017cde zawody. Nie inaczej by\u0142o i tym razem.<\/p>\n\n\n\n<p>&#8211; Ciekawe, jak sobie Kubacki poradzi. Mo\u017ce pokona Geigera?<\/p>\n\n\n\n<p>&#8211; Karla? &#8211; zdziwi\u0142 si\u0119 Ulrich, kt\u00f3ry te\u017c troch\u0119 si\u0119 zna\u0142 na skokach \u2013 Nie, on jest teraz w \u017cyciowej formie, walczy o Kul\u0119. A Dawid musi si\u0119 broni\u0107, \u017ceby mu Ryoyu nie odebra\u0142 trzeciej pozycji w generalce.<\/p>\n\n\n\n<p>&#8211; Dawid te\u017c jest w szczytowej formie, w ko\u0144cu wygra\u0142 Turniej Czterech Skoczni. Teraz te\u017c ma seri\u0119, ca\u0142y czas na podium \u2013 wyja\u015bnia\u0142a babcia.<\/p>\n\n\n\n<p>&#8211; Ale nie na najwy\u017cszym, a tam trzeba celowa\u0107, \u017ceby wygra\u0107 sezon \u2013 przerwa\u0142 Ulrich t\u0142umaczenie staruszki. &#8211; Teraz to niech si\u0119 on skupi \u017ceby mu Japo\u0144czyk nie zar\u0105ba\u0142 miejsca.<\/p>\n\n\n\n<p>&#8211; Japo\u0144czyk? Jaki Japo\u0144czyk? &#8211; w\u0142\u0105czy\u0142a si\u0119 Yumi.<\/p>\n\n\n\n<p>&#8211; A to nie znasz Kobayashiego? &#8211; zapyta\u0142 Niemiec.<\/p>\n\n\n\n<p>&#8211; Zwanego w polskim internecie <em>\u201eg\u0142upim chujem\u201d<\/em> &#8211; za\u015bmia\u0142a si\u0119 starsza pani.<\/p>\n\n\n\n<p>&#8211; Nie. W Japonii nikt o nim nie m\u00f3wi\u0142, gdy by\u0142am tam na wakacjach w zesz\u0142ym roku.<\/p>\n\n\n\n<p>&#8211; Czyli si\u0119 potwierdza to, co kiedy\u015b w Eurosporcie m\u00f3wili. Ryoyu jest bardziej popularny w Europie ni\u017c u siebie w Azji.<\/p>\n\n\n\n<p>Do rozmowy przy\u0142\u0105czy\u0142 si\u0119 Odd.<\/p>\n\n\n\n<p>&#8211; U nas we W\u0142oszech skoki te\u017c s\u0105 ma\u0142o popularne.<\/p>\n\n\n\n<p>&#8211; Tylko \u017ce z W\u0142och\u00f3w to mo\u017ce jeden skacze, je\u015bli w og\u00f3le wejdzie do konkursu. Wtedy jest \u015bwi\u0119to narodowe. Za to Japo\u0144czycy do\u015b\u0107 spore osi\u0105gni\u0119cia maj\u0105, w ko\u0144cu nadal skacze najbardziej utytu\u0142owany ich zawodnik, Noriaki Kasai \u2013 odpowiedzia\u0142 Ulrich.<\/p>\n\n\n\n<p>&#8211; Oj tak \u2013 potwierdzi\u0142a babcia. &#8211; Pami\u0119tam, jak skaka\u0142 w Lillehammer na igrzyskach w \u201894\u2026 Tak\u0105 ma kondycj\u0119, \u017ce nawet jak osiemdziesi\u0105tk\u0119 sko\u0144czy, to b\u0119dzie lata\u0107 \u2013 rzek\u0142a babcia.<\/p>\n\n\n\n<p><\/p>\n\n\n\n<p>Po po\u0142udniu rozpocz\u0119\u0142a si\u0119 transmisja, poprzedzona studiem. Babcia zawsze ogl\u0105da\u0142a ca\u0142e studio, tak te\u017c i dzisiaj zrobi\u0142a, a nasi bohaterowie wraz z ni\u0105, uzbrojeni w przek\u0105ski i napoje.<\/p>\n\n\n\n<p>&#8211; Witamy pa\u0144stwa w zimowym studiu Eurosportu przed konkursem Pucharu \u015awiata w Kulm, k\u0142ania si\u0119 Micha\u0142 Koro\u015bciel, s\u0105 nasi stali eksperci: Krzysztof Biegun, by\u0142y skoczek, oraz Jakub Kot, r\u00f3wnie\u017c by\u0142y skoczek.<\/p>\n\n\n\n<p>&#8211; Dzie\u0144 dobry \u2013 odpowiedzi r\u00f3wnocze\u015bnie dwaj wci\u0105\u017c m\u0142odzi bruneci.<\/p>\n\n\n\n<p>&#8211; To jak, zaczniemy tak jak zawsze, od podsumowania. Jak si\u0119 kadra B spisa\u0142a?<\/p>\n\n\n\n<p>&#8211; A na co znowu m\u00f3wi\u0107, \u017ce jest do dupy? &#8211; wtr\u0105ci\u0142 Biegun.<\/p>\n\n\n\n<p>&#8211; Nie, tu trzeba o tym m\u00f3wi\u0107 \u2013 w\u0142\u0105czy\u0142 si\u0119 Kot \u2013 Trzeba u\u015bwiadamia\u0107 ludziom, \u017ce kadra B, ta kt\u00f3ra skacze w Kontynentalnym, jest do dupy. Nie ma co si\u0119 cieszy\u0107, jak b\u0119d\u0105 zajmowa\u0107 miejsca w okolicach czterdziestego. Zwi\u0105zek nic nie robi. Wystarczy, \u017ce prezes w publicznej telewizji wyst\u0105pi i powie, \u017ce Kubacki, \u017by\u0142a, Stoch \u015bwietnie skacz\u0105, wi\u0119c jeste\u015bmy pot\u0119g\u0105. Owszem, skacz\u0105 \u015bwietnie, oby tak dalej by\u0142o, ale musimy my\u015ble\u0107 o przysz\u0142o\u015bci. Musimy te\u017c m\u00f3wi\u0107 o tym, \u017ce kadra B skacze do dupy.<\/p>\n\n\n\n<p>&#8211; No, dobra\u2026 &#8211; przerwa\u0142 Koro\u015bciel \u2013 Skoro ten w\u0105tek za\u0142atwiony, to teraz mo\u017ce co\u015b przyjemniejszego. Wiem Kubo, \u017ce pobi\u0142e\u015b pewien wa\u017cny rekord \u015bwiata.<\/p>\n\n\n\n<p>&#8211; To prawda, pobi\u0142em. \u2013 potwierdzi\u0142 by\u0142y skoczek z dum\u0105. &#8211; Przedwczoraj do mojego daewoo tico, kt\u00f3rym wo\u017c\u0119 m\u0142odzik\u00f3w na skoczni\u0119 w Wi\u015ble, wesz\u0142o czterna\u015bcie os\u00f3b!<\/p>\n\n\n\n<p>&#8211; Nie chrza\u0144! Jak czterna\u015bcie os\u00f3b? Do tico? &#8211; Krzysztof nie m\u00f3g\u0142 uwierzy\u0107. &#8211; Mo\u017ce jeszcze powiesz, \u017ce z nartami i ca\u0142ym sprz\u0119tem?<\/p>\n\n\n\n<p>&#8211; A pewnie, ze z ca\u0142ym sprz\u0119tem. A jak mieli skaka\u0107? Na dupie?<\/p>\n\n\n\n<p>&#8211; No, to gratulujemy sukcesu, a teraz przenosimy si\u0119 na skoczni\u0119, gdzie s\u0105 ju\u017c nasi komentatorzy.<\/p>\n\n\n\n<p><\/p>\n\n\n\n<p>Po dwudziestu minutach przerwy reklamowej rozpocz\u0105\u0142 si\u0119 konkurs. Komentatorzy rozpocz\u0119li swoj\u0105 prac\u0119:<\/p>\n\n\n\n<p>&#8211; Witamy pa\u0144stwa, na zawody Pucharu \u015awiata w skokach narciarskich w Kulm zapraszaj\u0105 Marek Rudzi\u0144ski\u2026<br>&#8211; Oraz Igor B\u0142achut.<\/p>\n\n\n\n<p>&#8211; Rozpoczynamy pierwsz\u0105 seri\u0119. Zobaczymy w niej pi\u0119\u0107dziesi\u0119ciu zawodnik\u00f3w, w tym siedmiu Polak\u00f3w.<\/p>\n\n\n\n<p>&#8211; Oczywi\u015bcie wiemy, \u017ce do drugiej serii wejdzie najpewniej trzech, bo reszta jest na doczepk\u0119\u2026<\/p>\n\n\n\n<p>&#8211; Igor, nie mo\u017cesz tak m\u00f3wi\u0107! \u2013 upomnia\u0142 Rudzi\u0144ski swojego koleg\u0119. &#8211; Mo\u017ce si\u0119 cud zdarzy.<\/p>\n\n\n\n<p>&#8211; Ale za to nam p\u0142ac\u0105, \u017ceby\u015bmy to szczerze komentowali. A prawda jest taka, \u017ce liczy\u0107 mo\u017cemy tylko na \u017celazn\u0105 tr\u00f3jk\u0119.<\/p>\n\n\n\n<p>S\u0142owa komentatora mia\u0142y swoje potwierdzenie w wynikach. Czterech s\u0142abszych zawodnik\u00f3w z Polski sko\u0144czy\u0142o zawody w ostatniej, pi\u0105tej dziesi\u0105tce. Bardzo dobrze zaprezentowali si\u0119 za\u015b Piotr \u017by\u0142a, Kamil Stoch i Dawid Kubacki. Ten ostatni mia\u0142 najwi\u0119ksze szanse na zwyci\u0119stwo w kadrze, bo by\u0142 na drugim miejscu. Do prowadz\u0105cego, Karla Geigera, traci\u0142 tylko trzy punkty.<\/p>\n\n\n\n<p>-No widzisz, m\u00f3wi\u0142am, \u017ce Dawid sobie poradzi \u2013 rzek\u0142a babcia Ulricha.<\/p>\n\n\n\n<p>-To dopiero pierwsza seria, jeszcze si\u0119 mo\u017ce zmieni\u0107 wiatr, warunki. Mo\u017ce Karl lepiej skoczy. Jeszcze wszystko mo\u017ce si\u0119 zdarzy\u0107 \u2013 odpowiedzia\u0142 Ulrich.<\/p>\n\n\n\n<p><\/p>\n\n\n\n<p>W tym samym czasie pod Pary\u017cem, w mieszkaniu Delmas\u00f3w, rozleg\u0142 si\u0119 dzwonek telefonu stacjonarnego. Jean-Pierre by\u0142 w swoim pokoju i studiowa\u0142 zaleg\u0142\u0105 pras\u0119. Mimo tego, \u017ce by\u0142 niezadowolony z przerwania wolnego dnia, podni\u00f3s\u0142 s\u0142uchawk\u0119.<\/p>\n\n\n\n<p>&#8211; Delmas Jean-Pierre, s\u0142ucham.<\/p>\n\n\n\n<p>&#8211; Witaj, Pierre, to ja. Patrick z ministerstwa.<\/p>\n\n\n\n<p>&#8211; O, hej Patrick! Co s\u0142ycha\u0107?<\/p>\n\n\n\n<p>&#8211; Jako\u015b leci. W zasadzie, to dzwoni\u0119 do ciebie w zaufaniu, Mam pewne pytanie co do reformy.<\/p>\n\n\n\n<p>&#8211; Reformy? &#8211; zafrasowa\u0142 si\u0119 nieco Delmas \u2013 To ju\u017c nawet w weekend si\u0119 tym zajmujecie?<\/p>\n\n\n\n<p>&#8211; Formalnie to nie, ale jest pewna sprawa, do kt\u00f3rej mam przecieki. Jak na razie nie chcemy jej podawa\u0107 publicznie, \u017ceby nie zaszkodzi\u0107 sprawie. Macie ju\u017c u siebie obmy\u015blony regulamin?<\/p>\n\n\n\n<p>&#8211; Jasne. Dwa dni temu go zatwierdzili\u015bmy, a po feriach zamierzamy go oficjalnie wdro\u017cy\u0107 i przedstawi\u0107 uczniom.<\/p>\n\n\n\n<p>&#8211; To dobrze, tylko \u017ce jest pewien\u2026 mo\u017ce nie tyle haczyk, co\u2026 no, jest problem. A dok\u0142adniej mo\u017ce by\u0107.<\/p>\n\n\n\n<p>&#8211; Jaki problem?<\/p>\n\n\n\n<p>&#8211; Niezadowolenie spo\u0142eczne\u2026 &#8211; tu si\u0119 Patrick lekko zawaha\u0142 \u2013 Nie tyle spo\u0142eczne, co uczniowskie. Znam przypadek szko\u0142y, w kt\u00f3rej zacz\u0119\u0142y kr\u0105\u017cy\u0107 przecieki na temat nowych regulacji.<\/p>\n\n\n\n<p>&#8211; I co? &#8211; spyta\u0142 Delmas.<\/p>\n\n\n\n<p>&#8211; Uczniowie s\u0105 cholernie niezadowoleni. Planuj\u0105 strajk, maj\u0105 zamiar przesta\u0107 przychodzi\u0107 na lekcje i okupowa\u0107 korytarze.<\/p>\n\n\n\n<p>&#8211; Co za nieodpowiedzialni g\u00f3wniarze \u2013 lekko rozgniewa\u0142 si\u0119 dyrektor \u2013 Gdyby co\u015b takiego mia\u0142o miejsce w mojej szkole, to pr\u0119dko by\u015bmy ten strajk wygasili. Mo\u017ce nawet si\u0142\u0105, ale \u017cadnego protestu by nie by\u0142o.<\/p>\n\n\n\n<p>&#8211; Wydaje mi si\u0119, \u017ce nieodpowiedzialni byli tak\u017ce ci, kt\u00f3rzy rozpuszczali takie informacje w szkole. Wiesz jak to jest, nauczyciele za bardzo si\u0119 spoufalaj\u0105 z uczniami i potem paplaj\u0105, co im \u015blina na j\u0119zyk przyniesie.<\/p>\n\n\n\n<p>&#8211; Spokojnie, Patrick. Na szcz\u0119\u015bcie w mojej szkole do \u017cadnego przecieku nie dosz\u0142o i nie dojdzie, a wszelkie bunty b\u0119dziemy t\u0119pili w zarodku.<\/p>\n\n\n\n<p>&#8211; No to mnie uspokoi\u0142e\u015b. Musz\u0119 ko\u0144czy\u0107, niech \u017cyje refoma!<\/p>\n\n\n\n<p>&#8211; Niech \u017cyje reforma!<\/p>\n\n\n\n<p>-I mi\u0142ego weekendu&#8230;<\/p>\n","protected":false},"excerpt":{"rendered":"<p>Nadesz\u0142a sobota. Dla babci Ulricha by\u0142 to dzie\u0144 sportowy. Trwa\u0142 puchar \u015bwiata w skokach narciarskich, a starsza pani \u015bledzi\u0142a poczynania polskich zawodnik\u00f3w ju\u017c wtedy, gdy jedynym licz\u0105cym si\u0119 skoczkiem z or\u0142em na piersi by\u0142 Adam Ma\u0142ysz. Obecnie powody do rado\u015bci dawa\u0142o wi\u0119cej sportowc\u00f3w. Nic dziwnego, \u017ce babcia czeka\u0142a na ka\u017cdy weekend ze skoczkami i \u015bledzi\u0142a &hellip;<br \/><a href=\"https:\/\/kodlyoko.pl\/index.php\/artykuly\/opowiadania\/serie\/bez-lyoko-czyli-zycie-tylko-w-realu\/rozdzial-24\/\" class=\"more-link pen_button pen_element_default pen_icon_arrow_double\">Read more<\/a><\/p>\n","protected":false},"author":5,"featured_media":0,"parent":203,"menu_order":24,"comment_status":"open","ping_status":"closed","template":"","meta":{"footnotes":""},"categories":[22],"tags":[],"class_list":["post-270","page","type-page","status-publish","hentry","category-artykuly-bezlyoko"],"_links":{"self":[{"href":"https:\/\/kodlyoko.pl\/index.php\/wp-json\/wp\/v2\/pages\/270","targetHints":{"allow":["GET"]}}],"collection":[{"href":"https:\/\/kodlyoko.pl\/index.php\/wp-json\/wp\/v2\/pages"}],"about":[{"href":"https:\/\/kodlyoko.pl\/index.php\/wp-json\/wp\/v2\/types\/page"}],"author":[{"embeddable":true,"href":"https:\/\/kodlyoko.pl\/index.php\/wp-json\/wp\/v2\/users\/5"}],"replies":[{"embeddable":true,"href":"https:\/\/kodlyoko.pl\/index.php\/wp-json\/wp\/v2\/comments?post=270"}],"version-history":[{"count":1,"href":"https:\/\/kodlyoko.pl\/index.php\/wp-json\/wp\/v2\/pages\/270\/revisions"}],"predecessor-version":[{"id":276,"href":"https:\/\/kodlyoko.pl\/index.php\/wp-json\/wp\/v2\/pages\/270\/revisions\/276"}],"up":[{"embeddable":true,"href":"https:\/\/kodlyoko.pl\/index.php\/wp-json\/wp\/v2\/pages\/203"}],"wp:attachment":[{"href":"https:\/\/kodlyoko.pl\/index.php\/wp-json\/wp\/v2\/media?parent=270"}],"wp:term":[{"taxonomy":"category","embeddable":true,"href":"https:\/\/kodlyoko.pl\/index.php\/wp-json\/wp\/v2\/categories?post=270"},{"taxonomy":"post_tag","embeddable":true,"href":"https:\/\/kodlyoko.pl\/index.php\/wp-json\/wp\/v2\/tags?post=270"}],"curies":[{"name":"wp","href":"https:\/\/api.w.org\/{rel}","templated":true}]}}