{"id":230,"date":"2021-04-12T17:15:10","date_gmt":"2021-04-12T17:15:10","guid":{"rendered":"http:\/\/kodlyoko.pl\/?page_id=230"},"modified":"2021-04-13T10:29:19","modified_gmt":"2021-04-13T10:29:19","slug":"rozdzial-10","status":"publish","type":"page","link":"https:\/\/kodlyoko.pl\/index.php\/artykuly\/opowiadania\/serie\/bez-lyoko-czyli-zycie-tylko-w-realu\/rozdzial-10\/","title":{"rendered":"Rozdzia\u0142 10"},"content":{"rendered":"\n<p class=\"has-drop-cap\">Sissi przechadza\u0142a si\u0119 po pokoju nerwowym krokiem od drzwi do okna i z powrotem. Opr\u00f3cz niej byli tam Herve i Nicolas, jej koledzy, zwani niekiedy \u201egwardi\u0105 przyboczn\u0105\u201d albo \u201eprzydupasami Elizabeth\u201d. Dziewczyna by\u0142a wyra\u017anie wkurzona.<\/p>\n\n\n\n<p>&#8211; Jak ja tej chudej wrony nienawidz\u0119. Jak psa jej nienawidz\u0119.<\/p>\n\n\n\n<p>\u201eGwardia przyboczna\u201d wiedzia\u0142a doskonale, \u017ce chodzi jej o Yumi Ishiyam\u0119.<\/p>\n\n\n\n<p>&#8211; Gdyby tylko mo\u017cna j\u0105 by\u0142o jako\u015b wykurzy\u0107\u2026 ale nie da si\u0119 z powodu imigracji.<\/p>\n\n\n\n<p>&#8211; A czemu chcia\u0142aby\u015b j\u0105 wykurzy\u0107? &#8211; spyta\u0142 Nicolas.<\/p>\n\n\n\n<p>&#8211; Jak to czemu? &#8211; zdziwi\u0142a si\u0119 Sissi \u2013 Przecie\u017c ona w og\u00f3le tu do nas nie pasuje, ona nie jest z naszej kultury, poza tym dobiera si\u0119 do nieodpowiedniego ch\u0142opaka. Ca\u0142a szko\u0142a wie, \u017ce jedyn\u0105 dziewczyn\u0105, kt\u00f3ra mo\u017ce zdoby\u0107 Ulricha Sterna, jestem ja!<\/p>\n\n\n\n<p>&#8211; Sissi\u2026 &#8211; zacz\u0105\u0142 Herve \u2013 nie to \u017cebym ci czego\u015b zabrania\u0142 czy co\u015b\u2026<\/p>\n\n\n\n<p>&#8211; Jakby\u015b jeszcze m\u00f3g\u0142\u2026 &#8211; odpar\u0142a z pogard\u0105 Elisabeth.<\/p>\n\n\n\n<p>&#8211; Ale\u2026 nie s\u0105dzisz, \u017ce on po prostu lepiej czuje si\u0119 w towarzystwie Yumi?<\/p>\n\n\n\n<p>&#8211; \u017be co? On, lepiej w towarzystwie tej wyw\u0142oki? Chyba sobie kpiny urz\u0105dzasz!<\/p>\n\n\n\n<p>&#8211; No, ale wiesz\u2026 skoro on jest szcz\u0119\u015bliwy z ni\u0105\u2026<\/p>\n\n\n\n<p>&#8211; Przesta\u0144 pieprzy\u0107, Herve \u2013 przerwa\u0142a mu dziewczyna \u2013 Po pierwsze, on nie jest z ni\u0105 w zwi\u0105zku. Po drugie, prawdziwie szcz\u0119\u015bliwy b\u0119dzie ze mn\u0105. I ja te\u017c b\u0119d\u0119 szcz\u0119\u015bliwa tylko wtedy, gdy b\u0119d\u0119 go mia\u0142a. Jeste\u015bcie moimi przyjaci\u00f3\u0142mi, czy\u017c nie?<\/p>\n\n\n\n<p>&#8211; Tak, tak, Sissi, jeste\u015bmy \u2013 potwierdzili ch\u00f3ralnie Herve i Nicolas.<\/p>\n\n\n\n<p>&#8211; No to skoro jeste\u015bcie, to chcecie, \u017cebym by\u0142a szcz\u0119\u015bliwa.<\/p>\n\n\n\n<p>&#8211; Jasne \u017ce tak \u2013 ponownie odpowiedzieli ch\u00f3rem.<\/p>\n\n\n\n<p>&#8211; No to skoro tak, to teraz wymy\u015blcie, jak zrobi\u0107, \u017ceby Ulrich przesta\u0142 zajmowa\u0107 si\u0119 Yumi i zainteresowa\u0142 si\u0119 mn\u0105. Bo wiecie, ja si\u0119 mog\u0119 ubra\u0107 stylowo, bo tylko tak si\u0119 ubieram, ale wydaje mi si\u0119, \u017ce to nie wszystko.<\/p>\n\n\n\n<p>&#8211; A mo\u017ce tak\u2026 &#8211; g\u0142o\u015bno pomy\u015bla\u0142 Herve \u2013 Skoro sama powiedzia\u0142a\u015b, \u017ce on jest wolny, to mo\u017ce wzbudzi\u0107 w nim zazdro\u015b\u0107?<\/p>\n\n\n\n<p>&#8211; Zazdro\u015b\u0107? &#8211; zainteresowa\u0142a si\u0119 Sissi \u2013 Ciekawe\u2026 a w jaki spos\u00f3b?<\/p>\n\n\n\n<p>&#8211; Widzia\u0142em to na filmach. Wystarczy, \u017ce si\u0119 poka\u017cesz publicznie z innym ch\u0142opakiem i b\u0119dziecie si\u0119 na pokaz tuli\u0107, ca\u0142owa\u0107\u2026<\/p>\n\n\n\n<p>&#8211; Tak? A kogo\u015b by\u015b proponowa\u0142 jako tego ch\u0142opaka na pokaz?<\/p>\n\n\n\n<p>&#8211; No, wiesz\u2026 &#8211; zarumieni\u0142 si\u0119 Herve \u2013 mo\u017ce.. mnie?<\/p>\n\n\n\n<p>&#8211; Ciebie? Haha, a to dobre \u2013 Sissi wyra\u017anie to rozbawi\u0142o \u2013 Ciebie to ja mog\u0119 poca\u0142owa\u0107\u2026<\/p>\n\n\n\n<p>&#8211; Naprawd\u0119? &#8211; zaciekawi\u0142 si\u0119 okularnik.<\/p>\n\n\n\n<p>&#8211; Tak\u2026. W dup\u0119 najwy\u017cej \u2013 odpar\u0142a dziewczyna do\u015b\u0107 chamsko.<\/p>\n\n\n\n<p>&#8211; Jak nie chcesz jego to ja mog\u0119 \u2013 zg\u0142osi\u0142 si\u0119 Nicolas- ja nawet ch\u0119tnie mog\u0119 w dup\u0119 poca\u0142o\u2026<\/p>\n\n\n\n<p>&#8211; Zamknij si\u0119, zbocze\u0144cu skretynia\u0142y! To nie o to chodzi! Naprawd\u0119 jeste\u015b taki g\u0142upi? Tak si\u0119 m\u00f3wi, jak si\u0119 chce da\u0107 do zrozumienia, \u017ce si\u0119 tego nie zrobi \u2013 wyja\u015bni\u0142a mniej inteligentnemu koledze Sissi \u2013 Ale pomys\u0142 doceniam\u2026 tylko ja bym to zrobi\u0142a inaczej. I to tak, \u017ceby bardziej jeszcze dokopa\u0107 Japonce. A wiem, \u017ce si\u0119 da\u2026 oj, zemsta b\u0119dzie s\u0142odka.<\/p>\n\n\n\n<p><\/p>\n\n\n\n<p>Ulrich i Odd siedzieli w swoim pokoju i ogl\u0105dali telewizj\u0119. Nagle rozleg\u0142o si\u0119 pukanie do drzwi.<\/p>\n\n\n\n<p>&#8211; Kurna, kto to, do cholery? &#8211; odezwa\u0142 si\u0119 Odd.<\/p>\n\n\n\n<p>Po chwili drzwi si\u0119 otworzy\u0142y i pojawi\u0142 si\u0119 w nich Jeremie. Mia\u0142 ze sob\u0105 sze\u015b\u0107 puszek Pepsi i du\u017c\u0105 paczk\u0119 Lays\u00f3w o smaku fromage.<\/p>\n\n\n\n<p>&#8211; Troch\u0119 kultury, jak go\u015bcie przychodz\u0105, psia ma\u0107! &#8211; odpowiedzia\u0142 okularnik, nieco si\u0119 \u015bmiej\u0105c<\/p>\n\n\n\n<p>&#8211; O, nawet co\u015b przynios\u0142e\u015b dobrego \u2013 ucieszy\u0142 si\u0119 Ulrich.<\/p>\n\n\n\n<p>&#8211; Bo w go\u015bciach nie wypada by\u0107 na krzywy ryj i z pustymi r\u0119koma. Co tam ogl\u0105dacie?<\/p>\n\n\n\n<p>&#8211; A, wiesz, Jerry \u2013 powiedzia\u0142 Odd \u2013 zaraz si\u0119 zaczyna \u201ePiekielna Kuchnia\u201d.<\/p>\n\n\n\n<p>&#8211; Tego to chyba nie widzia\u0142em, ch\u0119tnie obejrz\u0119. O co w tym chodzi?<\/p>\n\n\n\n<p>&#8211; Jest sobie restauracja \u2013 zacz\u0105\u0142 wyja\u015bnia\u0107 Ulrich \u2013 zg\u0142osi\u0142o si\u0119 do niej bodaj\u017ce pi\u0119tna\u015bcie os\u00f3b, kt\u00f3re lubi\u0105 gotowa\u0107, i gotuj\u0105 r\u00f3\u017cnym go\u015bciom wykwintne potrawy autorstwa Wojciecha Modesta Amaro. Najlepszy wygra u niego prac\u0119 i 250 tysi\u0119cy euro.<\/p>\n\n\n\n<p>&#8211; Kurna\u2026 cud, po raz pierwszy w \u017cyciu Jeremiemu trzeba co\u015b wyja\u015bnia\u0107. Kred\u0105 w kominie zapisa\u0107! &#8211; zawo\u0142a\u0142 Odd.<\/p>\n\n\n\n<p>&#8211; Oj dobra, no wiesz przecie\u017c, \u017ce ja a\u017c tak w tym nie siedz\u0119, bo gdy wy\u015bcie si\u0119 zajmowali telewizorkiem, to ja pracowa\u0142em nad Lyoko, i dopiero od czasu pokonania Xany mam wi\u0119cej czasu na, nazwijmy to, kultur\u0119 popularn\u0105. Ale zaraz\u2026 czemu to si\u0119 nazywa Piekielna Kuchnia?<\/p>\n\n\n\n<p>&#8211; Aaa, to tego ci nie opowiemy. Sam zobacz \u2013 Odd wskaza\u0142 na ekran telewizora.<\/p>\n\n\n\n<p>Istotnie, zacz\u0105\u0142 si\u0119 kolejny serwis, najbardziej emocjonuj\u0105ca i najci\u0119\u017csza cz\u0119\u015b\u0107 ka\u017cdego programu. Uczestnicy byli ju\u017c nieco podminowani.<\/p>\n\n\n\n<p>&#8211; Dzisiaj nie \u017cycz\u0119 sobie \u017cadnych wpadek. Ma by\u0107 idealnie, tip top, tak jak ja zawsze to robi\u0119 \u2013 przem\u00f3wi\u0142 szef Modest Amaro \u2013 Za ka\u017cd\u0105 wpadk\u0119 sprawca wylatuje do domu, nie chcemy tu \u017cadnych niedoci\u0105gni\u0119\u0107.<\/p>\n\n\n\n<p>Okaza\u0142o si\u0119 jednak, \u017ce pojawi\u0142y si\u0119 one po do\u015b\u0107 kr\u00f3tkim czasie.<\/p>\n\n\n\n<p>&#8211; Tatar przygotowany przez Marcello zosta\u0142 ponownie odes\u0142any do kuchni, klient jest niezadowolony z zam\u00f3wienia \u2013 oznajmi\u0142 lektor.<\/p>\n\n\n\n<p>&#8211; No i ja si\u0119 mu nie dziw\u0119 \u2013 powiedzia\u0142 Della Robbia \u2013 zobaczcie, jakie g\u00f3wienko ma\u0142e zrobi\u0142. Tym si\u0119 nie da naje\u015b\u0107. Dwa gryzy i po posi\u0142ku. I do tego drogie to jak cholera.<\/p>\n\n\n\n<p>&#8211; Znaczy wiesz Odd\u2026 &#8211; wtr\u0105ci\u0142 si\u0119 Jeremie \u2013 Wydaje mi si\u0119, \u017ce tu nie chodzi o to, by do syta zje\u015b\u0107, ale po to by posmakowa\u0107.<\/p>\n\n\n\n<p>&#8211; Oj, Einstein, znasz przecie\u017c naszego \u017car\u0142oka \u2013 odpowiedzia\u0142 Ulrich \u2013 Jemu trzeba podawa\u0107 porcje w \u015bwi\u0144skim korycie, \u017ceby m\u00f3g\u0142 wreszcie po obiedzie powiedzie\u0107, \u017ce nie jest ju\u017c g\u0142odny.<\/p>\n\n\n\n<p>&#8211; G\u00f3wno si\u0119 tam znacie na jedzeniu! Patrzcie lepiej, co szef powie, a nie g\u0142upoty wygadujecie.<\/p>\n\n\n\n<p>Szef Amaro podszed\u0142 do reklamowanego dania, posmakowa\u0142 je i od razu wyplu\u0142.<\/p>\n\n\n\n<p>&#8211; Kurwa ma\u0107! Ble! Co to jest? Gdzie przyprawy? Jak mo\u017cna podawa\u0107 nieprzyprawione dziadostwo! Czego ja ci\u0119 uczy\u0142em, Marcello?<\/p>\n\n\n\n<p>&#8211; No ale ja smakowa\u0142em i by\u0142o dobre.<\/p>\n\n\n\n<p>&#8211; Dobre by\u0142o? No to se to g\u00f3wno we\u017a i ze\u017cryj w domu. Won mi z kuchni! &#8211; szef Amaro zdenerwowa\u0142 si\u0119 nie na \u017carty.<\/p>\n\n\n\n<p>Po chwili mia\u0142 kolejny pow\u00f3d do niezadowolenia. Jeden z kucharzy zacz\u0105\u0142 sma\u017cy\u0107 pierogi, cho\u0107 by\u0142y one anulowane.<\/p>\n\n\n\n<p>&#8211; Co ty robisz? Po co to sma\u017cysz? &#8211; spyta\u0142 Amaro.<\/p>\n\n\n\n<p>&#8211; Bo by\u0142o takie polecenie\u2026 &#8211; zacz\u0105\u0142 si\u0119 t\u0142umaczy\u0107 delikwent.<\/p>\n\n\n\n<p>&#8211; Ale ja je anulowa\u0142em!<\/p>\n\n\n\n<p>&#8211; Tak? Szef anulowa\u0142? Bo mi powiedziano wcze\u015bniej, za poprzednich czas\u00f3w\u2026<\/p>\n\n\n\n<p>&#8211; Jakich, kurwa, poprzednich czas\u00f3w? Za Mieszka I? Teraz \u017cadnych pierog\u00f3w nie ma! Won!<\/p>\n\n\n\n<p>Pod koniec okaza\u0142o si\u0119, \u017ce grupa kucharzy jest tak niezgrana ze sob\u0105, i\u017c doprowadzi\u0142o to do niewydania da\u0144 dla po\u0142owy go\u015bci. Gdy szef Amaro mia\u0142 ju\u017c zamyka\u0107 kuchni\u0119, w garnku z olejem wybuch\u0142 po\u017car. Pewna uczestniczka, niewiele my\u015bl\u0105c, wzi\u0119\u0142a butelk\u0119 wody i wla\u0142a do garnka. Po\u017car zamiast si\u0119 zgasi\u0142, wzmocni\u0142 si\u0119, ogie\u0144 wylecia\u0142 a\u017c na wysoko\u015b\u0107 sufitu. W tym momencie zacz\u0119\u0142a si\u0119 przerwa reklamowa.<\/p>\n\n\n\n<p>&#8211; No&#8230;kurcz\u0119, faktycznie piekielnie \u2013 przyzna\u0142 Jeremie.<\/p>\n\n\n\n<p>&#8211; E tam, to to piku\u015b \u2013 odpowiedzia\u0142 Ulrich \u2013 Moja babcia z Polski opowiada\u0142a mi kiedy\u015b, \u017ce jak na Star\u00f3wce w Toruniu jest McDonald, to tam dopiero jest piek\u0142o, szczeg\u00f3lnie jak przyjd\u0105 dwie bardzo spore wycieczki szkolne. Wtedy nawet nie ma gdzie usi\u0105\u015b\u0107, a co dopiero \u017ceby si\u0119 doczeka\u0107 na zam\u00f3wienie. Niby fast-food, a p\u00f3\u0142 godziny trzeba sta\u0107 po jednego BigMaca z frytkami i napojem.<\/p>\n\n\n\n<p>&#8211; Czekaj, czekaj\u2026 &#8211; zacz\u0105\u0142 si\u0119 zastanawia\u0107 Odd \u2013 Tyle lat mieszkamy razem i ani razu nie wspomina\u0142e\u015b o tym, \u017ce masz babci\u0119 w Polsce.<\/p>\n\n\n\n<p>&#8211; W sumie racja, nie m\u00f3wi\u0142e\u015b \u2013 przytakn\u0105\u0142 Jeremie.<\/p>\n\n\n\n<p>&#8211; No bo wiecie\u2026 &#8211; t\u0142umaczy\u0142 si\u0119 Niemiec \u2013 Nie by\u0142o okazji, zawsze brakowa\u0142o czasu, by sobie o takich sprawach poopowiada\u0107. Ale c\u00f3\u017c\u2026 kiedy\u015b m\u00f3j dziadek musia\u0142 w ramach swojej pracy jecha\u0107 do Polski. Wtedy wszyscy tam szli, to by\u0142o bodaj\u017ce tu\u017c po wakacjach w trzydziestym dziewi\u0105tym. I tam pozna\u0142 pewn\u0105 Polk\u0119. I tak to wysz\u0142o, \u017ce mam babci\u0119 z Polski. Jak b\u0119dziecie chcieli, to wi\u0119cej wam o niej opowiem, mo\u017ce nawet nas kiedy\u015b do siebie zaprosi\u2026<\/p>\n\n\n\n<p><\/p>\n\n\n\n<p>Cho\u0107 robi\u0142o si\u0119 ju\u017c ciemno, w pokoju nauczycielskim wci\u0105\u017c pali\u0142y si\u0119 \u015bwiat\u0142a i trwa\u0142o zebranie. Dyrektor, zgodnie z zapowiedzi\u0105, zwo\u0142a\u0142 je, by om\u00f3wi\u0107 post\u0119py w czym\u015b, co nazwa\u0142 \u201eOperacj\u0105 szkolnej odnowy\u201d, w skr\u00f3cie \u201eOSO\u201d.<\/p>\n\n\n\n<p>&#8211; Jim, jak posz\u0142o ci z redaktorkami? &#8211; zapyta\u0142 Jean-Pierre.<\/p>\n\n\n\n<p>&#8211; Bardzo dobrze, szefie. Zadanie wykonane, przekona\u0142em je. By\u0142o to zreszt\u0105 proste, bo wiem jak rozmawia\u0107 z kobietami \u2013 za\u015bmia\u0142 si\u0119 wuefista.<\/p>\n\n\n\n<p>&#8211; No, to przynajmniej tu mo\u017cemy odnotowa\u0107 sukces. Natomiast je\u015bli chodzi o moj\u0105 cz\u0119\u015b\u0107, o rozmow\u0119 z c\u00f3rk\u0105\u2026 tu si\u0119 musz\u0119 przyzna\u0107, \u017ce nie wysz\u0142o to tak jak chcia\u0142em. Nie uda\u0142o mi si\u0119 jej przekona\u0107.<\/p>\n\n\n\n<p>&#8211; W sumie, to by\u0142o do przewidzenia. &#8211; stwierdzi\u0142a Suzanne \u2013 Elisabeth jest bardzo siln\u0105 osobowo\u015bci\u0105, jej si\u0119 nie da \u0142atwo przekona\u0107 do swoich racji.<\/p>\n\n\n\n<p>&#8211; Mo\u017ce i masz racj\u0119 \u2013 przyzna\u0142 dyrektor \u2013 tylko czemu ona taka uparta\u2026 no, nic, mo\u017ce jako\u015b inaczej si\u0119 to zrobi.<\/p>\n\n\n\n<p>&#8211; A mo\u017ce podczas lekcji wychowawczej? &#8211; zaproponowa\u0142 Gilles. &#8211; I tak musimy uczni\u00f3w poinformowa\u0107 o zmianach, a wtedy przynajmniej sprawdzimy reakcje uczni\u00f3w. Cho\u0107 i tak my\u015bl\u0119, \u017ce b\u0119d\u0105 one bardziej stonowane ni\u017c rozmowa w zaciszu domowym.<\/p>\n\n\n\n<p>&#8211; To jest my\u015bl. Dacie rad\u0119 to zrobi\u0107 w tym tygodniu?<\/p>\n\n\n\n<p>&#8211; Jasne \u2013 potwierdzili ch\u00f3rem nauczyciele.<\/p>\n\n\n\n<p>&#8211; Tylko pami\u0119tajcie, jak na razie wst\u0119pnie tylko o mundurkach, o innych rzeczach ani mru mru! Nie chcemy tutaj ruchu oporu.<\/p>\n\n\n\n<p>&#8211; W\u0142a\u015bnie&#8230;skoro o tych innych rzeczach \u2013 powiedzia\u0142 Gustave \u2013 Czy co\u015b b\u0119dziemy planowa\u0107?<\/p>\n\n\n\n<p>&#8211; Dobrze \u017ce o to pytasz. Wczoraj szuka\u0142em w sieci pewnych informacji na temat systemu oceniania zachowania, jaki b\u0119dziemy mogli wdro\u017cy\u0107 w naszej szkole. Jest to system punkt\u00f3w na plus i na minus.<\/p>\n\n\n\n<p>&#8211; Punkt\u00f3w? &#8211; zdziwi\u0142a si\u0119 Suzanne \u2013 Takich jak si\u0119 stosowa\u0142o w krajach postkomunistycznych? Za zbi\u00f3rk\u0119 odpad\u00f3w do recyklingu plus dziesi\u0119\u0107, za pierdni\u0119cie minus trzydzie\u015bci?<\/p>\n\n\n\n<p>&#8211; A co, z\u0142e by\u0142o? &#8211; odpowiedzia\u0142 Jim \u2013 Przynajmniej jasne to by\u0142o.<\/p>\n\n\n\n<p>&#8211; I o to nam w\u0142a\u015bnie chodzi, Suzanne. \u017beby by\u0142o to jasne i przejrzyste \u2013 potwierdzi\u0142 Jean-Pierre \u2013 A je\u015bli do\u0142o\u017cymy do tego element rywalizacji, mo\u017ce konkurs zrobimy, to wszyscy b\u0119d\u0105 chodzi\u0107 jak w szwajcarskim zegarku, byleby wygra\u0107.<\/p>\n\n\n\n<p>&#8211; Podziwiam twoj\u0105 determinacj\u0119, Jean-Pierre \u2013 z pewnym wahaniem w g\u0142osie odrzek\u0142 Gilles \u2013 My\u015blisz, \u017ce teraz to si\u0119 sprawdzi? I to u nas? Z tak\u0105 m\u0142odzie\u017c\u0105? A jak si\u0119 jednak trafi jaki\u015b bunt?<\/p>\n\n\n\n<p>&#8211; M\u00f3j m\u0142odszy kolego, wychowanie to \u015bcie\u017cka na kt\u00f3rej jest od cholery min. Wa\u017cne, by wiedzie\u0107, kt\u00f3re s\u0105 niewypa\u0142ami, a na kt\u00f3re nale\u017cy uwa\u017ca\u0107, \u017ceby nie wylecie\u0107 w powietrze. Ja ju\u017c nie takie rzeczy widzia\u0142em, wi\u0119c o to si\u0119 nie martwi\u0119. A jak kto\u015b przegnie pa\u0142k\u0119, to si\u0119 go po cichu releguje. W ko\u0144cu to te\u017c nam wolno \u2013 odpowiedzia\u0142 dyrektor.<\/p>\n","protected":false},"excerpt":{"rendered":"<p>Sissi przechadza\u0142a si\u0119 po pokoju nerwowym krokiem od drzwi do okna i z powrotem. Opr\u00f3cz niej byli tam Herve i Nicolas, jej koledzy, zwani niekiedy \u201egwardi\u0105 przyboczn\u0105\u201d albo \u201eprzydupasami Elizabeth\u201d. Dziewczyna by\u0142a wyra\u017anie wkurzona. &#8211; Jak ja tej chudej wrony nienawidz\u0119. Jak psa jej nienawidz\u0119. \u201eGwardia przyboczna\u201d wiedzia\u0142a doskonale, \u017ce chodzi jej o Yumi Ishiyam\u0119. &hellip;<br \/><a href=\"https:\/\/kodlyoko.pl\/index.php\/artykuly\/opowiadania\/serie\/bez-lyoko-czyli-zycie-tylko-w-realu\/rozdzial-10\/\" class=\"more-link pen_button pen_element_default pen_icon_arrow_double\">Read more<\/a><\/p>\n","protected":false},"author":5,"featured_media":0,"parent":203,"menu_order":10,"comment_status":"open","ping_status":"closed","template":"","meta":{"footnotes":""},"categories":[22],"tags":[],"class_list":["post-230","page","type-page","status-publish","hentry","category-artykuly-bezlyoko"],"_links":{"self":[{"href":"https:\/\/kodlyoko.pl\/index.php\/wp-json\/wp\/v2\/pages\/230","targetHints":{"allow":["GET"]}}],"collection":[{"href":"https:\/\/kodlyoko.pl\/index.php\/wp-json\/wp\/v2\/pages"}],"about":[{"href":"https:\/\/kodlyoko.pl\/index.php\/wp-json\/wp\/v2\/types\/page"}],"author":[{"embeddable":true,"href":"https:\/\/kodlyoko.pl\/index.php\/wp-json\/wp\/v2\/users\/5"}],"replies":[{"embeddable":true,"href":"https:\/\/kodlyoko.pl\/index.php\/wp-json\/wp\/v2\/comments?post=230"}],"version-history":[{"count":1,"href":"https:\/\/kodlyoko.pl\/index.php\/wp-json\/wp\/v2\/pages\/230\/revisions"}],"predecessor-version":[{"id":231,"href":"https:\/\/kodlyoko.pl\/index.php\/wp-json\/wp\/v2\/pages\/230\/revisions\/231"}],"up":[{"embeddable":true,"href":"https:\/\/kodlyoko.pl\/index.php\/wp-json\/wp\/v2\/pages\/203"}],"wp:attachment":[{"href":"https:\/\/kodlyoko.pl\/index.php\/wp-json\/wp\/v2\/media?parent=230"}],"wp:term":[{"taxonomy":"category","embeddable":true,"href":"https:\/\/kodlyoko.pl\/index.php\/wp-json\/wp\/v2\/categories?post=230"},{"taxonomy":"post_tag","embeddable":true,"href":"https:\/\/kodlyoko.pl\/index.php\/wp-json\/wp\/v2\/tags?post=230"}],"curies":[{"name":"wp","href":"https:\/\/api.w.org\/{rel}","templated":true}]}}