{"id":1253,"date":"2021-04-24T21:32:23","date_gmt":"2021-04-24T19:32:23","guid":{"rendered":"http:\/\/kodlyoko.pl\/?page_id=1253"},"modified":"2021-08-08T01:23:55","modified_gmt":"2021-08-07T23:23:55","slug":"pokolenie-lyoko","status":"publish","type":"page","link":"https:\/\/kodlyoko.pl\/index.php\/artykuly\/redaktorskie\/felietony\/pokolenie-lyoko\/","title":{"rendered":"Pokolenie Lyoko"},"content":{"rendered":"\n<p class=\"has-drop-cap\">Mo\u017ce w to trudno uwierzy\u0107, ale&#8230; nasza ulubiona kresk\u00f3wka, kt\u00f3ra dla wielu wci\u0105\u017c jest bardzo istotna, sko\u0144czy\u0142a 15 lat. My\u015bl\u0119, \u017ce ma\u0142o kto m\u00f3g\u0142 mie\u0107 \u015bwiadomo\u015b\u0107, \u017ce serial, kt\u00f3rego pierwszy odcinek opowiada o grupie dzieciak\u00f3w walcz\u0105cych w wirtualnym \u015bwiecie z r\u00f3\u017cnymi potworami, podczas gdy na Ziemi grasowa\u0142 olbrzymi pluszowy mi\u015b, stanie si\u0119 tak popularny, zar\u00f3wno we Francji, jak i zagranic\u0105. Ma\u0142o kto wtedy my\u015bla\u0142, \u017ce po 15 latach od emisji pierwszego epizodu i 6 latach od ostatniego wci\u0105\u017c b\u0119dzie spora rzesza os\u00f3b szczerze zainteresowanych t\u0105 produkcj\u0105. Oczywi\u015bcie z biegiem lat nieco zmieni\u0142y si\u0119 priorytety i teraz w wielu przypadkach w fandomie jest si\u0119 w sumie nawet nieco bardziej dla ludzi, a nie dla samej tylko produkcji, ale jednak gdyby nie Code Lyoko, to nie by\u0142oby wielu przyja\u017ani, zwi\u0105zk\u00f3w, czy nawet ma\u0142\u017ce\u0144stw. Nie by\u0142oby te\u017c wielu prac fanowskich: opowiada\u0144, grafik, nagra\u0144&#8230;<\/p>\n\n\n\n<p>M\u00f3g\u0142bym teraz przytacza\u0107 r\u00f3\u017cne szczeg\u00f3\u0142y historyczne z \u017cycia fandomu, zar\u00f3wno tego francuskiego, jak i naszego, cho\u0107 jest on nieco m\u0142odszy, ale nie b\u0119d\u0119 robi\u0107 z tego tekstu rozprawki do &#8220;Pomocnika Historycznego POLITYKI&#8221;. Nie chc\u0119 te\u017c zanudza\u0107 bardzo d\u0142ugimi przemy\u015bleniami. Przychodzi mi za to taka my\u015bl do g\u0142owy: ju\u017c kilka razy wieszczono totalny upadek fandomu. Najpierw po zako\u0144czeniu 4 serii, potem przy okazji Ewolucji, mo\u017cna powiedzie\u0107 i\u017c to jest \u015bpiewka powtarzaj\u0105ca si\u0119 co jaki\u015b czas. Jednak to si\u0119 nie spe\u0142nia, fandom wci\u0105\u017c jest aktywny. Wiadomo, \u017ce nie zawsze by\u0142o \u0142atwo, by\u0142y pewne problemy, jedne strony upada\u0142y, inne powstawa\u0142y&#8230; sam pami\u0119tam jaka sytuacja by\u0142a 6 lat temu, gdy zaczyna\u0142em dzia\u0142a\u0107 na stronie, kt\u00f3ra by\u0142a jedn\u0105 z kilku, a widz\u0119 jak jest teraz, gdy jestem adminem strony stanowi\u0105cej jeden z najwa\u017cniejszych polskich o\u015brodk\u00f3w fandomu CL. Ale najwa\u017cniejsze, \u017ce wci\u0105\u017c si\u0119 trzymamy i s\u0105dz\u0119, \u017ce jeszcze nie powiedzieli\u015bmy ostatniego s\u0142owa. Szczeg\u00f3lnie je\u015bli we\u017amiemy pod uwag\u0119, \u017ce wci\u0105\u017c mamy w fandomie ludzi m\u0142odych, nawet pomimo faktu, i\u017c sporo jest ju\u017c pe\u0142noletnich. Chocia\u017c z drugiej strony&#8230; ostatnio pomy\u015bla\u0142em o tym, \u017ce jednak zawsze w kierownictwach czy to forum, czy stron w naszym fandomie byli ludzie bli\u017cej pe\u0142noletno\u015bci albo nawet ju\u017c dawno posiadaj\u0105cy prawo do zakupu alkoholu. Tak czy inaczej, my\u015bl\u0119, \u017ce jeszcze jaki\u015b czas podzia\u0142amy.<\/p>\n\n\n\n<p>I taka refleksja na koniec&#8230; za jaki\u015b czas b\u0119dzie w naszej spo\u0142eczno\u015bci grupa os\u00f3b, kt\u00f3re b\u0119d\u0105 mie\u0107 w\u0142asne rodziny i potomstwo. Gdy b\u0119d\u0119 mia\u0142 kiedy\u015b swoje dzieci, to nadejdzie taki dzie\u0144, \u017ce posadz\u0119 je przed ekranem, odpal\u0119 jeden z odcink\u00f3w serialu, mo\u017ce nawet pierwszy, \u017ceby by\u0142a ta nutka tajemnicy i by dzieciom nie psu\u0107 frajdy prezentowaniem prequeli na sam start, i powiem, \u017ce to jest kultowa kresk\u00f3wka, kt\u00f3r\u0105 chcia\u0142bym, aby poznawa\u0142y tak\u017ce kolejne pokolenia.<br>A Wy?<\/p>\n","protected":false},"excerpt":{"rendered":"<p>Mo\u017ce w to trudno uwierzy\u0107, ale&#8230; nasza ulubiona kresk\u00f3wka, kt\u00f3ra dla wielu wci\u0105\u017c jest bardzo istotna, sko\u0144czy\u0142a 15 lat. My\u015bl\u0119, \u017ce ma\u0142o kto m\u00f3g\u0142 mie\u0107 \u015bwiadomo\u015b\u0107, \u017ce serial, kt\u00f3rego pierwszy odcinek opowiada o grupie dzieciak\u00f3w walcz\u0105cych w wirtualnym \u015bwiecie z r\u00f3\u017cnymi potworami, podczas gdy na Ziemi grasowa\u0142 olbrzymi pluszowy mi\u015b, stanie si\u0119 tak popularny, zar\u00f3wno &hellip;<br \/><a href=\"https:\/\/kodlyoko.pl\/index.php\/artykuly\/redaktorskie\/felietony\/pokolenie-lyoko\/\" class=\"more-link pen_button pen_element_default pen_icon_arrow_double\">Read more<\/a><\/p>\n","protected":false},"author":5,"featured_media":0,"parent":2587,"menu_order":0,"comment_status":"closed","ping_status":"closed","template":"","meta":{"footnotes":""},"categories":[50],"tags":[],"class_list":["post-1253","page","type-page","status-publish","hentry","category-artykuly-felietony"],"_links":{"self":[{"href":"https:\/\/kodlyoko.pl\/index.php\/wp-json\/wp\/v2\/pages\/1253","targetHints":{"allow":["GET"]}}],"collection":[{"href":"https:\/\/kodlyoko.pl\/index.php\/wp-json\/wp\/v2\/pages"}],"about":[{"href":"https:\/\/kodlyoko.pl\/index.php\/wp-json\/wp\/v2\/types\/page"}],"author":[{"embeddable":true,"href":"https:\/\/kodlyoko.pl\/index.php\/wp-json\/wp\/v2\/users\/5"}],"replies":[{"embeddable":true,"href":"https:\/\/kodlyoko.pl\/index.php\/wp-json\/wp\/v2\/comments?post=1253"}],"version-history":[{"count":1,"href":"https:\/\/kodlyoko.pl\/index.php\/wp-json\/wp\/v2\/pages\/1253\/revisions"}],"predecessor-version":[{"id":1254,"href":"https:\/\/kodlyoko.pl\/index.php\/wp-json\/wp\/v2\/pages\/1253\/revisions\/1254"}],"up":[{"embeddable":true,"href":"https:\/\/kodlyoko.pl\/index.php\/wp-json\/wp\/v2\/pages\/2587"}],"wp:attachment":[{"href":"https:\/\/kodlyoko.pl\/index.php\/wp-json\/wp\/v2\/media?parent=1253"}],"wp:term":[{"taxonomy":"category","embeddable":true,"href":"https:\/\/kodlyoko.pl\/index.php\/wp-json\/wp\/v2\/categories?post=1253"},{"taxonomy":"post_tag","embeddable":true,"href":"https:\/\/kodlyoko.pl\/index.php\/wp-json\/wp\/v2\/tags?post=1253"}],"curies":[{"name":"wp","href":"https:\/\/api.w.org\/{rel}","templated":true}]}}